{"id":390,"date":"2019-11-24T16:14:53","date_gmt":"2019-11-24T16:14:53","guid":{"rendered":"http:\/\/www.camado.org.co\/web2\/?page_id=390"},"modified":"2021-11-17T16:48:55","modified_gmt":"2021-11-17T16:48:55","slug":"matricula-mercantil","status":"publish","type":"page","link":"https:\/\/www.camado.org.co\/web2\/matricula-mercantil\/","title":{"rendered":"Matricula Mercantil"},"content":{"rendered":"\n<h1 class=\"wp-block-heading\">Beneficios de renovar a tiempo<\/h1>\n\n\n\n<p>Cuando renuevas tu matr\u00edcula mercantil, adem\u00e1s de cumplir con una obligaci\u00f3n legal, tu empresa existe formalmente y accedes a m\u00faltiples beneficios.<\/p>\n\n\n\n<ul class=\"wp-block-list\"><li>Participas sin costo en capacitaciones orientadas al crecimiento empresarial.<\/li><li>Tienes la oportunidad de participar en servicios especializados de fortalecimiento para tu empresa, capacitaciones y seminarios gratuitos.<\/li><li>Si eres una empresa beneficiaria de la Ley 1429 de Formaci\u00f3n y Generaci\u00f3n de Empleo, renueva oportunamente para que sigas disfrutando de todos los incentivos que te ofrece.<\/li><\/ul>\n\n\n\n<h1 class=\"wp-block-heading\">Sanciones<\/h1>\n\n\n\n<p>La Superintendencia de Industria y Comercio (SIC) podr\u00e1 sancionarlo hasta con 17 Salarios M\u00ednimos Legales Mensuales Vigentes si no renueva durante los tres primeros meses del a\u00f1o.<\/p>\n\n\n\n<p>Esto, seg\u00fan lo previsto en el Art\u00edculo 37 del C\u00f3digo de Comercio, en el Art\u00edculo 5 del Decreto 2153 de 2011 y en el Art\u00edculo 30 de la Ley 1727 de 2014.<\/p>\n\n\n\n<p>Conforme a esta \u00faltima norma, le informamos que la C\u00e1mara de Comercio de Dosquebradas est\u00e1 obligada a reportar a la Superintendencia de Industria y Comercio el listado de comerciantes que incumplan con la renovaci\u00f3n oportuna de su matr\u00edcula mercantil.<\/p>\n\n\n\n<p>De acuerdo con el Art\u00edculo 31 de La Ley 1727 de 2014- Depuraci\u00f3n del Registro \u00danico Empresarial y Social- RUES, anualmente se realizar\u00e1 la depuraci\u00f3n de las bases de datos con las siguientes condiciones:<\/p>\n\n\n\n<ul class=\"wp-block-list\"><li>Las sociedades comerciales y dem\u00e1s personas jur\u00eddicas, que hayan incumplido la obligaci\u00f3n de renovar la matr\u00edcula mercantil o el registro, seg\u00fan sea el caso, en los \u00faltimos cinco (5) a\u00f1os, quedar\u00e1n disueltas y en estado de liquidaci\u00f3n.<\/li><li>Cancelaci\u00f3n de la matr\u00edcula mercantil de las personas naturales, los establecimientos de comercio, sucursales y agencias que hayan incumplido la obligaci\u00f3n de renovar la matr\u00edcula mercantil en los \u00faltimos cinco (5) a\u00f1os.<\/li><\/ul>\n\n\n\n<p>Le invitamos a estar al d\u00eda con las obligaciones como comerciante y de esta forma, evitar una posible sanci\u00f3n por parte de la Superintendencia de Industria y Comercio. <\/p>\n\n\n\n<figure class=\"wp-block-table aligncenter\"><table class=\"\"><tbody><tr><td><a href=\"https:\/\/sii.confecamaras.co\/vista\/plantilla\/index.php\"><img loading=\"lazy\" decoding=\"async\" width=\"381\" height=\"449\" class=\"wp-image-392\" style=\"width: 381px;\" src=\"http:\/\/www.camado.org.co\/web2\/wp-content\/uploads\/2019\/11\/Consulta-Renovaci\u00f3n.png\" alt=\"\" srcset=\"https:\/\/www.camado.org.co\/web2\/wp-content\/uploads\/2019\/11\/Consulta-Renovaci\u00f3n.png 381w, https:\/\/www.camado.org.co\/web2\/wp-content\/uploads\/2019\/11\/Consulta-Renovaci\u00f3n-255x300.png 255w, https:\/\/www.camado.org.co\/web2\/wp-content\/uploads\/2019\/11\/Consulta-Renovaci\u00f3n-356x420.png 356w\" sizes=\"auto, (max-width: 381px) 100vw, 381px\" \/><\/a><\/td><td><a href=\"https:\/\/sii.confecamaras.co\/vista\/plantilla\/index.php\"><img loading=\"lazy\" decoding=\"async\" width=\"381\" height=\"449\" class=\"wp-image-393\" style=\"width: 381px;\" src=\"http:\/\/www.camado.org.co\/web2\/wp-content\/uploads\/2019\/11\/Renovaci\u00f3n-Mercatil.png\" alt=\"\" srcset=\"https:\/\/www.camado.org.co\/web2\/wp-content\/uploads\/2019\/11\/Renovaci\u00f3n-Mercatil.png 381w, https:\/\/www.camado.org.co\/web2\/wp-content\/uploads\/2019\/11\/Renovaci\u00f3n-Mercatil-255x300.png 255w, https:\/\/www.camado.org.co\/web2\/wp-content\/uploads\/2019\/11\/Renovaci\u00f3n-Mercatil-356x420.png 356w\" sizes=\"auto, (max-width: 381px) 100vw, 381px\" \/><\/a><\/td><td><a href=\"https:\/\/sii.confecamaras.co\/vista\/plantilla\/index.php\"><img loading=\"lazy\" decoding=\"async\" width=\"381\" height=\"449\" class=\"wp-image-394\" style=\"width: 381px;\" src=\"http:\/\/www.camado.org.co\/web2\/wp-content\/uploads\/2019\/11\/Certificado.png\" alt=\"\" srcset=\"https:\/\/www.camado.org.co\/web2\/wp-content\/uploads\/2019\/11\/Certificado.png 381w, https:\/\/www.camado.org.co\/web2\/wp-content\/uploads\/2019\/11\/Certificado-255x300.png 255w, https:\/\/www.camado.org.co\/web2\/wp-content\/uploads\/2019\/11\/Certificado-356x420.png 356w\" sizes=\"auto, (max-width: 381px) 100vw, 381px\" \/><\/a><\/td><\/tr><\/tbody><\/table><\/figure>\n\n\n\n<h5 class=\"wp-block-heading\"><strong>\u00bfTienes alg\u00fan problema con tu renovaci\u00f3n?<\/strong><\/h5>\n\n\n\n<h2 class=\"has-text-align-left wp-block-heading\"><strong>Escr\u00edbenos para ayudarte<\/strong>   <\/h2>\n\n\n\n<figure class=\"wp-block-image size-large\"><a href=\"http:\/\/www.camado.org.co\/web2\/contactenos\/\"><img loading=\"lazy\" decoding=\"async\" width=\"297\" height=\"62\" src=\"http:\/\/www.camado.org.co\/web2\/wp-content\/uploads\/2019\/11\/ayuda.png\" alt=\"\" class=\"wp-image-398\"\/><\/a><\/figure>\n\n\n\n<h2 class=\"has-text-align-left wp-block-heading\">       <\/h2>\n","protected":false},"excerpt":{"rendered":"<p>Beneficios de renovar a tiempo Cuando renuevas tu matr\u00edcula mercantil, adem\u00e1s de cumplir con una obligaci\u00f3n legal, tu empresa existe formalmente y accedes a m\u00faltiples beneficios. Participas sin costo en capacitaciones orientadas al crecimiento empresarial. Tienes la oportunidad de participar en servicios especializados de fortalecimiento para tu empresa, capacitaciones y seminarios gratuitos. Si eres una [&hellip;]<\/p>\n","protected":false},"author":1,"featured_media":0,"parent":0,"menu_order":0,"comment_status":"closed","ping_status":"closed","template":"","meta":{"ngg_post_thumbnail":0,"footnotes":""},"class_list":["post-390","page","type-page","status-publish"],"yoast_head":"<!-- This site is optimized with the Yoast SEO plugin v27.5 - https:\/\/yoast.com\/product\/yoast-seo-wordpress\/ -->\n<title>Matricula Mercantil - C\u00e1mara de Comercio de Dosquebradas<\/title>\n<meta name=\"robots\" content=\"index, follow, max-snippet:-1, max-image-preview:large, max-video-preview:-1\" \/>\n<link rel=\"canonical\" href=\"https:\/\/www.camado.org.co\/web2\/matricula-mercantil\/\" \/>\n<meta property=\"og:locale\" content=\"es_ES\" \/>\n<meta property=\"og:type\" content=\"article\" \/>\n<meta property=\"og:title\" content=\"Matricula Mercantil - C\u00e1mara de Comercio de Dosquebradas\" \/>\n<meta property=\"og:description\" content=\"Beneficios de renovar a tiempo Cuando renuevas tu matr\u00edcula mercantil, adem\u00e1s de cumplir con una obligaci\u00f3n legal, tu empresa existe formalmente y accedes a m\u00faltiples beneficios. Participas sin costo en capacitaciones orientadas al crecimiento empresarial. Tienes la oportunidad de participar en servicios especializados de fortalecimiento para tu empresa, capacitaciones y seminarios gratuitos. Si eres una [&hellip;]\" \/>\n<meta property=\"og:url\" content=\"https:\/\/www.camado.org.co\/web2\/matricula-mercantil\/\" \/>\n<meta property=\"og:site_name\" content=\"C\u00e1mara de Comercio de Dosquebradas\" \/>\n<meta property=\"article:modified_time\" content=\"2021-11-17T16:48:55+00:00\" \/>\n<meta property=\"og:image\" content=\"http:\/\/www.camado.org.co\/web2\/wp-content\/uploads\/2019\/11\/Certificado.png\" \/>\n<meta name=\"twitter:card\" content=\"summary_large_image\" \/>\n<meta name=\"twitter:label1\" content=\"Tiempo de lectura\" \/>\n\t<meta name=\"twitter:data1\" content=\"2 minutos\" \/>\n<script type=\"application\/ld+json\" class=\"yoast-schema-graph\">{\"@context\":\"https:\\\/\\\/schema.org\",\"@graph\":[{\"@type\":\"WebPage\",\"@id\":\"https:\\\/\\\/www.camado.org.co\\\/web2\\\/matricula-mercantil\\\/\",\"url\":\"https:\\\/\\\/www.camado.org.co\\\/web2\\\/matricula-mercantil\\\/\",\"name\":\"Matricula Mercantil - C\u00e1mara de Comercio de Dosquebradas\",\"isPartOf\":{\"@id\":\"https:\\\/\\\/www.camado.org.co\\\/web2\\\/#website\"},\"primaryImageOfPage\":{\"@id\":\"https:\\\/\\\/www.camado.org.co\\\/web2\\\/matricula-mercantil\\\/#primaryimage\"},\"image\":{\"@id\":\"https:\\\/\\\/www.camado.org.co\\\/web2\\\/matricula-mercantil\\\/#primaryimage\"},\"thumbnailUrl\":\"http:\\\/\\\/www.camado.org.co\\\/web2\\\/wp-content\\\/uploads\\\/2019\\\/11\\\/Certificado.png\",\"datePublished\":\"2019-11-24T16:14:53+00:00\",\"dateModified\":\"2021-11-17T16:48:55+00:00\",\"breadcrumb\":{\"@id\":\"https:\\\/\\\/www.camado.org.co\\\/web2\\\/matricula-mercantil\\\/#breadcrumb\"},\"inLanguage\":\"es\",\"potentialAction\":[{\"@type\":\"ReadAction\",\"target\":[\"https:\\\/\\\/www.camado.org.co\\\/web2\\\/matricula-mercantil\\\/\"]}]},{\"@type\":\"ImageObject\",\"inLanguage\":\"es\",\"@id\":\"https:\\\/\\\/www.camado.org.co\\\/web2\\\/matricula-mercantil\\\/#primaryimage\",\"url\":\"https:\\\/\\\/www.camado.org.co\\\/web2\\\/wp-content\\\/uploads\\\/2019\\\/11\\\/Certificado.png\",\"contentUrl\":\"https:\\\/\\\/www.camado.org.co\\\/web2\\\/wp-content\\\/uploads\\\/2019\\\/11\\\/Certificado.png\",\"width\":381,\"height\":449},{\"@type\":\"BreadcrumbList\",\"@id\":\"https:\\\/\\\/www.camado.org.co\\\/web2\\\/matricula-mercantil\\\/#breadcrumb\",\"itemListElement\":[{\"@type\":\"ListItem\",\"position\":1,\"name\":\"Portada\",\"item\":\"https:\\\/\\\/www.camado.org.co\\\/web2\\\/\"},{\"@type\":\"ListItem\",\"position\":2,\"name\":\"Matricula Mercantil\"}]},{\"@type\":\"WebSite\",\"@id\":\"https:\\\/\\\/www.camado.org.co\\\/web2\\\/#website\",\"url\":\"https:\\\/\\\/www.camado.org.co\\\/web2\\\/\",\"name\":\"C\u00e1mara de Comercio de Dosquebradas\",\"description\":\"Camado\",\"potentialAction\":[{\"@type\":\"SearchAction\",\"target\":{\"@type\":\"EntryPoint\",\"urlTemplate\":\"https:\\\/\\\/www.camado.org.co\\\/web2\\\/?s={search_term_string}\"},\"query-input\":{\"@type\":\"PropertyValueSpecification\",\"valueRequired\":true,\"valueName\":\"search_term_string\"}}],\"inLanguage\":\"es\"}]}<\/script>\n<!-- \/ Yoast SEO plugin. -->","yoast_head_json":{"title":"Matricula Mercantil - C\u00e1mara de Comercio de Dosquebradas","robots":{"index":"index","follow":"follow","max-snippet":"max-snippet:-1","max-image-preview":"max-image-preview:large","max-video-preview":"max-video-preview:-1"},"canonical":"https:\/\/www.camado.org.co\/web2\/matricula-mercantil\/","og_locale":"es_ES","og_type":"article","og_title":"Matricula Mercantil - C\u00e1mara de Comercio de Dosquebradas","og_description":"Beneficios de renovar a tiempo Cuando renuevas tu matr\u00edcula mercantil, adem\u00e1s de cumplir con una obligaci\u00f3n legal, tu empresa existe formalmente y accedes a m\u00faltiples beneficios. Participas sin costo en capacitaciones orientadas al crecimiento empresarial. Tienes la oportunidad de participar en servicios especializados de fortalecimiento para tu empresa, capacitaciones y seminarios gratuitos. Si eres una [&hellip;]","og_url":"https:\/\/www.camado.org.co\/web2\/matricula-mercantil\/","og_site_name":"C\u00e1mara de Comercio de Dosquebradas","article_modified_time":"2021-11-17T16:48:55+00:00","og_image":[{"url":"http:\/\/www.camado.org.co\/web2\/wp-content\/uploads\/2019\/11\/Certificado.png","type":"","width":"","height":""}],"twitter_card":"summary_large_image","twitter_misc":{"Tiempo de lectura":"2 minutos"},"schema":{"@context":"https:\/\/schema.org","@graph":[{"@type":"WebPage","@id":"https:\/\/www.camado.org.co\/web2\/matricula-mercantil\/","url":"https:\/\/www.camado.org.co\/web2\/matricula-mercantil\/","name":"Matricula Mercantil - C\u00e1mara de Comercio de Dosquebradas","isPartOf":{"@id":"https:\/\/www.camado.org.co\/web2\/#website"},"primaryImageOfPage":{"@id":"https:\/\/www.camado.org.co\/web2\/matricula-mercantil\/#primaryimage"},"image":{"@id":"https:\/\/www.camado.org.co\/web2\/matricula-mercantil\/#primaryimage"},"thumbnailUrl":"http:\/\/www.camado.org.co\/web2\/wp-content\/uploads\/2019\/11\/Certificado.png","datePublished":"2019-11-24T16:14:53+00:00","dateModified":"2021-11-17T16:48:55+00:00","breadcrumb":{"@id":"https:\/\/www.camado.org.co\/web2\/matricula-mercantil\/#breadcrumb"},"inLanguage":"es","potentialAction":[{"@type":"ReadAction","target":["https:\/\/www.camado.org.co\/web2\/matricula-mercantil\/"]}]},{"@type":"ImageObject","inLanguage":"es","@id":"https:\/\/www.camado.org.co\/web2\/matricula-mercantil\/#primaryimage","url":"https:\/\/www.camado.org.co\/web2\/wp-content\/uploads\/2019\/11\/Certificado.png","contentUrl":"https:\/\/www.camado.org.co\/web2\/wp-content\/uploads\/2019\/11\/Certificado.png","width":381,"height":449},{"@type":"BreadcrumbList","@id":"https:\/\/www.camado.org.co\/web2\/matricula-mercantil\/#breadcrumb","itemListElement":[{"@type":"ListItem","position":1,"name":"Portada","item":"https:\/\/www.camado.org.co\/web2\/"},{"@type":"ListItem","position":2,"name":"Matricula Mercantil"}]},{"@type":"WebSite","@id":"https:\/\/www.camado.org.co\/web2\/#website","url":"https:\/\/www.camado.org.co\/web2\/","name":"C\u00e1mara de Comercio de Dosquebradas","description":"Camado","potentialAction":[{"@type":"SearchAction","target":{"@type":"EntryPoint","urlTemplate":"https:\/\/www.camado.org.co\/web2\/?s={search_term_string}"},"query-input":{"@type":"PropertyValueSpecification","valueRequired":true,"valueName":"search_term_string"}}],"inLanguage":"es"}]}},"_links":{"self":[{"href":"https:\/\/www.camado.org.co\/web2\/wp-json\/wp\/v2\/pages\/390","targetHints":{"allow":["GET"]}}],"collection":[{"href":"https:\/\/www.camado.org.co\/web2\/wp-json\/wp\/v2\/pages"}],"about":[{"href":"https:\/\/www.camado.org.co\/web2\/wp-json\/wp\/v2\/types\/page"}],"author":[{"embeddable":true,"href":"https:\/\/www.camado.org.co\/web2\/wp-json\/wp\/v2\/users\/1"}],"replies":[{"embeddable":true,"href":"https:\/\/www.camado.org.co\/web2\/wp-json\/wp\/v2\/comments?post=390"}],"version-history":[{"count":5,"href":"https:\/\/www.camado.org.co\/web2\/wp-json\/wp\/v2\/pages\/390\/revisions"}],"predecessor-version":[{"id":4243,"href":"https:\/\/www.camado.org.co\/web2\/wp-json\/wp\/v2\/pages\/390\/revisions\/4243"}],"wp:attachment":[{"href":"https:\/\/www.camado.org.co\/web2\/wp-json\/wp\/v2\/media?parent=390"}],"curies":[{"name":"wp","href":"https:\/\/api.w.org\/{rel}","templated":true}]}}