{"id":4074,"date":"2021-07-19T14:20:20","date_gmt":"2021-07-19T14:20:20","guid":{"rendered":"https:\/\/www.camado.org.co\/web2\/?page_id=4074"},"modified":"2022-01-26T16:01:57","modified_gmt":"2022-01-26T16:01:57","slug":"naranjados","status":"publish","type":"page","link":"https:\/\/www.camado.org.co\/web2\/naranjados\/","title":{"rendered":"NaranjaDos"},"content":{"rendered":"\n<figure class=\"wp-block-image size-large\"><img loading=\"lazy\" decoding=\"async\" width=\"1024\" height=\"1024\" src=\"https:\/\/www.camado.org.co\/web2\/wp-content\/uploads\/2021\/07\/Post-1-Nranjados-1024x1024.png\" alt=\"\" class=\"wp-image-4079\" srcset=\"https:\/\/www.camado.org.co\/web2\/wp-content\/uploads\/2021\/07\/Post-1-Nranjados-1024x1024.png 1024w, https:\/\/www.camado.org.co\/web2\/wp-content\/uploads\/2021\/07\/Post-1-Nranjados-300x300.png 300w, https:\/\/www.camado.org.co\/web2\/wp-content\/uploads\/2021\/07\/Post-1-Nranjados-150x150.png 150w, https:\/\/www.camado.org.co\/web2\/wp-content\/uploads\/2021\/07\/Post-1-Nranjados-768x768.png 768w, https:\/\/www.camado.org.co\/web2\/wp-content\/uploads\/2021\/07\/Post-1-Nranjados-1536x1536.png 1536w, https:\/\/www.camado.org.co\/web2\/wp-content\/uploads\/2021\/07\/Post-1-Nranjados-696x696.png 696w, https:\/\/www.camado.org.co\/web2\/wp-content\/uploads\/2021\/07\/Post-1-Nranjados-1068x1068.png 1068w, https:\/\/www.camado.org.co\/web2\/wp-content\/uploads\/2021\/07\/Post-1-Nranjados-420x420.png 420w, https:\/\/www.camado.org.co\/web2\/wp-content\/uploads\/2021\/07\/Post-1-Nranjados-1920x1920.png 1920w, https:\/\/www.camado.org.co\/web2\/wp-content\/uploads\/2021\/07\/Post-1-Nranjados.png 2000w\" sizes=\"auto, (max-width: 1024px) 100vw, 1024px\" \/><\/figure>\n\n\n\n<p>La C\u00e1mara de Comercio de Dosquebradas, con el apoyo del Ministerio de Cultura (Programa Nacional de Concertaci\u00f3n Cultural) invita a los emprendedores\/agentes de los sectores Econom\u00eda Naranja y Sistema Moda, a participar en un proceso de formaci\u00f3n en:<br><br>\u2022Marketing Digital <br>\u2022Marketing Ferial <br>\u2022Econom\u00eda Colaborativa<br><br>Adem\u00e1s, seis (6) de los emprendedores\/agentes ser\u00e1n seleccionados para participar en la Ruta Naranja, que se llevar\u00e1 a cabo durante Eje Moda 2021. <\/p>\n\n\n\n<p>Para mayor informaci\u00f3n, revisar T\u00e9rminos y Condiciones  <\/p>\n\n\n\n<div class=\"wp-block-button\"><a class=\"wp-block-button__link has-background has-luminous-vivid-orange-background-color\" href=\"https:\/\/www.camado.org.co\/web2\/wp-content\/uploads\/2021\/07\/T\u00c9RMINOS-Y-CONDICIONES-COMPLETO-1.pdf\">T\u00e9rminos y condiciones<\/a><\/div>\n\n\n\n<p><\/p>\n\n\n\n<div class=\"wp-block-button\"><a class=\"wp-block-button__link has-background has-luminous-vivid-orange-background-color\" href=\"https:\/\/docs.google.com\/forms\/d\/e\/1FAIpQLSdyocfA3zxFUyoL6p7pxuy79XWuiSzuYN5wC-q4qR-tB2gEPA\/viewform\">Inscripciones aqu\u00ed<\/a><\/div>\n\n\n\n<p><\/p>\n","protected":false},"excerpt":{"rendered":"<p>La C\u00e1mara de Comercio de Dosquebradas, con el apoyo del Ministerio de Cultura (Programa Nacional de Concertaci\u00f3n Cultural) invita a los emprendedores\/agentes de los sectores Econom\u00eda Naranja y Sistema Moda, a participar en un proceso de formaci\u00f3n en: \u2022Marketing Digital \u2022Marketing Ferial \u2022Econom\u00eda Colaborativa Adem\u00e1s, seis (6) de los emprendedores\/agentes ser\u00e1n seleccionados para participar en [&hellip;]<\/p>\n","protected":false},"author":1,"featured_media":0,"parent":0,"menu_order":0,"comment_status":"closed","ping_status":"closed","template":"","meta":{"ngg_post_thumbnail":0,"footnotes":""},"class_list":["post-4074","page","type-page","status-publish"],"yoast_head":"<!-- This site is optimized with the Yoast SEO plugin v27.5 - https:\/\/yoast.com\/product\/yoast-seo-wordpress\/ -->\n<title>NaranjaDos - C\u00e1mara de Comercio de Dosquebradas<\/title>\n<meta name=\"robots\" content=\"index, follow, max-snippet:-1, max-image-preview:large, max-video-preview:-1\" \/>\n<link rel=\"canonical\" href=\"https:\/\/www.camado.org.co\/web2\/naranjados\/\" \/>\n<meta property=\"og:locale\" content=\"es_ES\" \/>\n<meta property=\"og:type\" content=\"article\" \/>\n<meta property=\"og:title\" content=\"NaranjaDos - C\u00e1mara de Comercio de Dosquebradas\" \/>\n<meta property=\"og:description\" content=\"La C\u00e1mara de Comercio de Dosquebradas, con el apoyo del Ministerio de Cultura (Programa Nacional de Concertaci\u00f3n Cultural) invita a los emprendedores\/agentes de los sectores Econom\u00eda Naranja y Sistema Moda, a participar en un proceso de formaci\u00f3n en: \u2022Marketing Digital \u2022Marketing Ferial \u2022Econom\u00eda Colaborativa Adem\u00e1s, seis (6) de los emprendedores\/agentes ser\u00e1n seleccionados para participar en [&hellip;]\" \/>\n<meta property=\"og:url\" content=\"https:\/\/www.camado.org.co\/web2\/naranjados\/\" \/>\n<meta property=\"og:site_name\" content=\"C\u00e1mara de Comercio de Dosquebradas\" \/>\n<meta property=\"article:modified_time\" content=\"2022-01-26T16:01:57+00:00\" \/>\n<meta property=\"og:image\" content=\"https:\/\/www.camado.org.co\/web2\/wp-content\/uploads\/2021\/07\/Post-1-Nranjados-1024x1024.png\" \/>\n<meta name=\"twitter:card\" content=\"summary_large_image\" \/>\n<script type=\"application\/ld+json\" class=\"yoast-schema-graph\">{\"@context\":\"https:\\\/\\\/schema.org\",\"@graph\":[{\"@type\":\"WebPage\",\"@id\":\"https:\\\/\\\/www.camado.org.co\\\/web2\\\/naranjados\\\/\",\"url\":\"https:\\\/\\\/www.camado.org.co\\\/web2\\\/naranjados\\\/\",\"name\":\"NaranjaDos - C\u00e1mara de Comercio de Dosquebradas\",\"isPartOf\":{\"@id\":\"https:\\\/\\\/www.camado.org.co\\\/web2\\\/#website\"},\"primaryImageOfPage\":{\"@id\":\"https:\\\/\\\/www.camado.org.co\\\/web2\\\/naranjados\\\/#primaryimage\"},\"image\":{\"@id\":\"https:\\\/\\\/www.camado.org.co\\\/web2\\\/naranjados\\\/#primaryimage\"},\"thumbnailUrl\":\"https:\\\/\\\/www.camado.org.co\\\/web2\\\/wp-content\\\/uploads\\\/2021\\\/07\\\/Post-1-Nranjados-1024x1024.png\",\"datePublished\":\"2021-07-19T14:20:20+00:00\",\"dateModified\":\"2022-01-26T16:01:57+00:00\",\"breadcrumb\":{\"@id\":\"https:\\\/\\\/www.camado.org.co\\\/web2\\\/naranjados\\\/#breadcrumb\"},\"inLanguage\":\"es\",\"potentialAction\":[{\"@type\":\"ReadAction\",\"target\":[\"https:\\\/\\\/www.camado.org.co\\\/web2\\\/naranjados\\\/\"]}]},{\"@type\":\"ImageObject\",\"inLanguage\":\"es\",\"@id\":\"https:\\\/\\\/www.camado.org.co\\\/web2\\\/naranjados\\\/#primaryimage\",\"url\":\"https:\\\/\\\/www.camado.org.co\\\/web2\\\/wp-content\\\/uploads\\\/2021\\\/07\\\/Post-1-Nranjados.png\",\"contentUrl\":\"https:\\\/\\\/www.camado.org.co\\\/web2\\\/wp-content\\\/uploads\\\/2021\\\/07\\\/Post-1-Nranjados.png\",\"width\":2000,\"height\":2000},{\"@type\":\"BreadcrumbList\",\"@id\":\"https:\\\/\\\/www.camado.org.co\\\/web2\\\/naranjados\\\/#breadcrumb\",\"itemListElement\":[{\"@type\":\"ListItem\",\"position\":1,\"name\":\"Portada\",\"item\":\"https:\\\/\\\/www.camado.org.co\\\/web2\\\/\"},{\"@type\":\"ListItem\",\"position\":2,\"name\":\"NaranjaDos\"}]},{\"@type\":\"WebSite\",\"@id\":\"https:\\\/\\\/www.camado.org.co\\\/web2\\\/#website\",\"url\":\"https:\\\/\\\/www.camado.org.co\\\/web2\\\/\",\"name\":\"C\u00e1mara de Comercio de Dosquebradas\",\"description\":\"Camado\",\"potentialAction\":[{\"@type\":\"SearchAction\",\"target\":{\"@type\":\"EntryPoint\",\"urlTemplate\":\"https:\\\/\\\/www.camado.org.co\\\/web2\\\/?s={search_term_string}\"},\"query-input\":{\"@type\":\"PropertyValueSpecification\",\"valueRequired\":true,\"valueName\":\"search_term_string\"}}],\"inLanguage\":\"es\"}]}<\/script>\n<!-- \/ Yoast SEO plugin. -->","yoast_head_json":{"title":"NaranjaDos - C\u00e1mara de Comercio de Dosquebradas","robots":{"index":"index","follow":"follow","max-snippet":"max-snippet:-1","max-image-preview":"max-image-preview:large","max-video-preview":"max-video-preview:-1"},"canonical":"https:\/\/www.camado.org.co\/web2\/naranjados\/","og_locale":"es_ES","og_type":"article","og_title":"NaranjaDos - C\u00e1mara de Comercio de Dosquebradas","og_description":"La C\u00e1mara de Comercio de Dosquebradas, con el apoyo del Ministerio de Cultura (Programa Nacional de Concertaci\u00f3n Cultural) invita a los emprendedores\/agentes de los sectores Econom\u00eda Naranja y Sistema Moda, a participar en un proceso de formaci\u00f3n en: \u2022Marketing Digital \u2022Marketing Ferial \u2022Econom\u00eda Colaborativa Adem\u00e1s, seis (6) de los emprendedores\/agentes ser\u00e1n seleccionados para participar en [&hellip;]","og_url":"https:\/\/www.camado.org.co\/web2\/naranjados\/","og_site_name":"C\u00e1mara de Comercio de Dosquebradas","article_modified_time":"2022-01-26T16:01:57+00:00","og_image":[{"url":"https:\/\/www.camado.org.co\/web2\/wp-content\/uploads\/2021\/07\/Post-1-Nranjados-1024x1024.png","type":"","width":"","height":""}],"twitter_card":"summary_large_image","schema":{"@context":"https:\/\/schema.org","@graph":[{"@type":"WebPage","@id":"https:\/\/www.camado.org.co\/web2\/naranjados\/","url":"https:\/\/www.camado.org.co\/web2\/naranjados\/","name":"NaranjaDos - C\u00e1mara de Comercio de Dosquebradas","isPartOf":{"@id":"https:\/\/www.camado.org.co\/web2\/#website"},"primaryImageOfPage":{"@id":"https:\/\/www.camado.org.co\/web2\/naranjados\/#primaryimage"},"image":{"@id":"https:\/\/www.camado.org.co\/web2\/naranjados\/#primaryimage"},"thumbnailUrl":"https:\/\/www.camado.org.co\/web2\/wp-content\/uploads\/2021\/07\/Post-1-Nranjados-1024x1024.png","datePublished":"2021-07-19T14:20:20+00:00","dateModified":"2022-01-26T16:01:57+00:00","breadcrumb":{"@id":"https:\/\/www.camado.org.co\/web2\/naranjados\/#breadcrumb"},"inLanguage":"es","potentialAction":[{"@type":"ReadAction","target":["https:\/\/www.camado.org.co\/web2\/naranjados\/"]}]},{"@type":"ImageObject","inLanguage":"es","@id":"https:\/\/www.camado.org.co\/web2\/naranjados\/#primaryimage","url":"https:\/\/www.camado.org.co\/web2\/wp-content\/uploads\/2021\/07\/Post-1-Nranjados.png","contentUrl":"https:\/\/www.camado.org.co\/web2\/wp-content\/uploads\/2021\/07\/Post-1-Nranjados.png","width":2000,"height":2000},{"@type":"BreadcrumbList","@id":"https:\/\/www.camado.org.co\/web2\/naranjados\/#breadcrumb","itemListElement":[{"@type":"ListItem","position":1,"name":"Portada","item":"https:\/\/www.camado.org.co\/web2\/"},{"@type":"ListItem","position":2,"name":"NaranjaDos"}]},{"@type":"WebSite","@id":"https:\/\/www.camado.org.co\/web2\/#website","url":"https:\/\/www.camado.org.co\/web2\/","name":"C\u00e1mara de Comercio de Dosquebradas","description":"Camado","potentialAction":[{"@type":"SearchAction","target":{"@type":"EntryPoint","urlTemplate":"https:\/\/www.camado.org.co\/web2\/?s={search_term_string}"},"query-input":{"@type":"PropertyValueSpecification","valueRequired":true,"valueName":"search_term_string"}}],"inLanguage":"es"}]}},"_links":{"self":[{"href":"https:\/\/www.camado.org.co\/web2\/wp-json\/wp\/v2\/pages\/4074","targetHints":{"allow":["GET"]}}],"collection":[{"href":"https:\/\/www.camado.org.co\/web2\/wp-json\/wp\/v2\/pages"}],"about":[{"href":"https:\/\/www.camado.org.co\/web2\/wp-json\/wp\/v2\/types\/page"}],"author":[{"embeddable":true,"href":"https:\/\/www.camado.org.co\/web2\/wp-json\/wp\/v2\/users\/1"}],"replies":[{"embeddable":true,"href":"https:\/\/www.camado.org.co\/web2\/wp-json\/wp\/v2\/comments?post=4074"}],"version-history":[{"count":16,"href":"https:\/\/www.camado.org.co\/web2\/wp-json\/wp\/v2\/pages\/4074\/revisions"}],"predecessor-version":[{"id":4785,"href":"https:\/\/www.camado.org.co\/web2\/wp-json\/wp\/v2\/pages\/4074\/revisions\/4785"}],"wp:attachment":[{"href":"https:\/\/www.camado.org.co\/web2\/wp-json\/wp\/v2\/media?parent=4074"}],"curies":[{"name":"wp","href":"https:\/\/api.w.org\/{rel}","templated":true}]}}