{"id":5154,"date":"2022-09-01T20:50:50","date_gmt":"2022-09-01T20:50:50","guid":{"rendered":"https:\/\/www.camado.org.co\/web2\/?page_id=5154"},"modified":"2023-02-25T16:50:15","modified_gmt":"2023-02-25T16:50:15","slug":"elecciones-junta-directiva","status":"publish","type":"page","link":"https:\/\/www.camado.org.co\/web2\/elecciones-junta-directiva\/","title":{"rendered":"Elecciones Junta Directiva"},"content":{"rendered":"<div id=\"td_uid_1_69f27aa0b1518\" class=\"tdc-zone\"><div class=\"tdc_zone td_uid_1_69f27aa0b1527_rand  wpb_row td-pb-row\"  >\n<style scoped>\n\n\/* custom css *\/\n.td_uid_1_69f27aa0b1527_rand {\r\n                    min-height: 0;\r\n                }\n\/* inline tdc_css att *\/\n\n.td_uid_1_69f27aa0b1527_rand{\nborder-color:#ffffff !important;\nborder-radius:3px !important;\nborder-style:solid !important;\nborder-width:0 !important;\n}\n\n<\/style><div id=\"td_uid_2_69f27aa0b1cf4\" class=\"tdc-row\"><div class=\"vc_row td_uid_2_69f27aa0b1cfa_rand  wpb_row td-pb-row\" >\n<style scoped>\n\n\/* custom css *\/\n.td_uid_2_69f27aa0b1cfa_rand {\r\n                    min-height: 0;\r\n                }\n<\/style><div class=\"vc_column td_uid_3_69f27aa0b2003_rand  wpb_column vc_column_container tdc-column td-pb-span12\">\n<style scoped>\n\n\/* custom css *\/\n.td_uid_3_69f27aa0b2003_rand {\r\n                    vertical-align: baseline;\r\n                }\n<\/style><div class=\"wpb_wrapper\"><div class=\"wpb_wrapper td_block_single_image td_block_wrap  td-no-img-custom-url td_block_wrap vc_single_image td_uid_4_69f27aa0b21d0_rand  td-single-image- td-pb-border-top td_block_template_1\"><a \r\n\t\t\tclass=\"td_single_image_bg\" \r\n\t\t\tstyle=\"background-image: url('https:\/\/www.camado.org.co\/web2\/wp-content\/uploads\/2022\/09\/banner-e-imagen-elecciones.png'); background-size: cover; background-repeat: no-repeat; background-position: center center;\" \r\n\t\t\thref=\"#\"  \r\n\t\t\trel=\"bookmark\"><\/a>\n<style>\n\/* custom css *\/\n.td_uid_4_69f27aa0b21d0_rand .td_single_image_bg {\r\n\t\t\t\t    z-index: 1;\r\n\t\t\t\t}\r\n\t\t\t\t\r\n\t\t\t\t.td_uid_4_69f27aa0b21d0_rand .td_single_image_bg {\r\n\t\t\t\t\theight: 400px;\r\n\t\t\t\t\tpadding-bottom: 0;\r\n\t\t\t\t}\n<\/style><\/div><div class=\"td_block_wrap td_block_title td_uid_5_69f27aa0b43d0_rand td-pb-border-top td_block_template_1\"  data-td-block-uid=\"td_uid_5_69f27aa0b43d0\" ><h4 class=\"block-title td-block-title\"><span class=\"td-pulldown-size\">Elecciones Junta Directiva y Revisor\u00eda Fiscal 2023 - 2026<\/span><\/h4><div class=\"td_mod_wrap\"><\/div><\/div><\/div><\/div><\/div><\/div><div id=\"td_uid_4_69f27aa0b480f\" class=\"tdc-row\"><div class=\"vc_row td_uid_6_69f27aa0b4814_rand  wpb_row td-pb-row\" >\n<style scoped>\n\n\/* custom css *\/\n.td_uid_6_69f27aa0b4814_rand {\r\n                    min-height: 0;\r\n                }\n<\/style><div class=\"vc_column td_uid_7_69f27aa0b4ac8_rand  wpb_column vc_column_container tdc-column td-pb-span12\">\n<style scoped>\n\n\/* custom css *\/\n.td_uid_7_69f27aa0b4ac8_rand {\r\n                    vertical-align: baseline;\r\n                }\n<\/style><div class=\"wpb_wrapper\"><div class=\"wpb_wrapper wpb_text_column td_block_wrap td_block_wrap vc_column_text td_uid_8_69f27aa0b4c8d_rand  tagdiv-type td-pb-border-top td_block_template_1\"  data-td-block-uid=\"td_uid_8_69f27aa0b4c8d\" ><div class=\"td-block-title-wrap\"><\/div><div class=\"td-fix-index\"><p>El jueves 2 de Marzo de 2023, ser\u00e1n las elecciones de la Junta Directiva y Revisor Fiscal de la C\u00e1mara de Comercio de Dosquebradas&nbsp; para el periodo 2023 \u2013 2026.<\/p>\n<\/div><\/div><div class=\"td_block_wrap td_block_title td_uid_9_69f27aa0b6567_rand td-pb-border-top td_block_template_1\"  data-td-block-uid=\"td_uid_9_69f27aa0b6567\" ><h4 class=\"block-title td-block-title\"><span class=\"td-pulldown-size\">Cronograma<\/span><\/h4><div class=\"td_mod_wrap\"><\/div><\/div><div class=\"wpb_wrapper td_block_wrap vc_raw_html td_uid_10_69f27aa0b67c5_rand \"><div class=\"td-fix-index\"><table>\n\t<tbody>\n\t\t<tr>\n\t\t\t<td>Fecha<\/td>\n\t\t\t<td>Actividad<\/td>\n\t\t<\/tr>\n\t\t<tr>\n\t\t\t<td>15 de enero de 2023<\/td>\n\t\t\t<td>Publicidad del censo electoral definitivo.<\/td>\n\t\t<\/tr>\n\t\t<tr>\n\t\t\t<td>Del 16 al 31 de enero de 2023<\/td>\n\t\t\t<td>Plazo para inscripci\u00f3n o modificaci\u00f3n de listas de candidatos a miembros de Junta Directiva.<\/td>\n\t\t<\/tr>\n\t\t<tr>\n\t\t\t<td>Del 16 al 28 de febrero de 2023<\/td>\n\t\t\t<td>Publicaci\u00f3n de las listas de candidatos a miembros de Junta Directiva <\/td>\n\t\t<\/tr>\n\t\t<tr>\n<\/tr>\n\t\t<tr>\n\t\t\t<td>Marzo 2 de 2023 8:00 am a 4:00 pm<\/td>\n\t\t\t<td>D\u00eda de elecciones Junta Directiva y Revisor Fiscal de la C\u00e1mara de Comercio de Dosquebradas para el periodo 2023 \u2013 2026<\/td>\n\t\t<\/tr>\n\t\t\n\t<\/tbody>\n<\/table><\/div><\/div><\/div><\/div><\/div><\/div><div id=\"td_uid_7_69f27aa0b682f\" class=\"tdc-row\"><div class=\"vc_row td_uid_11_69f27aa0b6833_rand  wpb_row td-pb-row\" >\n<style scoped>\n\n\/* custom css *\/\n.td_uid_11_69f27aa0b6833_rand {\r\n                    min-height: 0;\r\n                }\n<\/style><div class=\"vc_column td_uid_12_69f27aa0b6a5d_rand  wpb_column vc_column_container tdc-column td-pb-span12\">\n<style scoped>\n\n\/* custom css *\/\n.td_uid_12_69f27aa0b6a5d_rand {\r\n                    vertical-align: baseline;\r\n                }\n<\/style><div class=\"wpb_wrapper\"><div class=\"tdm_block td_block_wrap tdm_block_button td_uid_13_69f27aa0b6d65_rand tdm-block-button-inline tdm-content-horiz-left td-pb-border-top td_block_template_1\"  data-td-block-uid=\"td_uid_13_69f27aa0b6d65\"     >\n<style>\n\n\/* inline tdc_css att *\/\n\n.td_uid_13_69f27aa0b6d65_rand{\nmargin-top:20px !important;\nmargin-right:3px !important;\nmargin-bottom:20px !important;\nmargin-left:250px !important;\nborder-radius:3px !important;\nborder-style:solid !important;\nborder-color:#888888 !important;\nborder-width: 0px 0px 0px 0px !important;\n}\n\n<\/style>\n<style>\nbody .td_uid_14_69f27aa0b76c8 .tdm-btn,\r\n\t\t\t\tbody .td_uid_14_69f27aa0b76c8 {\r\n\t\t\t\t\tbackground-color: #dd0d0d;\r\n\t\t\t\t}\n<\/style><div class=\"tds-button td-fix-index\"><div class=\"tds-button4 tdm-btn-lg-wrap td_uid_14_69f27aa0b76c8\"><a href=\"https:\/\/www.camado.org.co\/web2\/wp-content\/uploads\/2022\/11\/Eleccionespostergaci\u00f3n.pdf\" class=\"tdm-btn tdm-button-a tdm-btn-lg\"  target=\"_blank\" ><span class=\"tdm-btn-text\">Nueva Fecha de Elecciones de Junta Directiva y Revisor\u00eda Fiscal<\/span><\/a><a href=\"https:\/\/www.camado.org.co\/web2\/wp-content\/uploads\/2022\/11\/Eleccionespostergaci\u00f3n.pdf\" class=\"tdm-btn tdm-button-b tdm-btn-lg\"  target=\"_blank\" ><span class=\"tdm-btn-text\">Nueva Fecha de Elecciones de Junta Directiva y Revisor\u00eda Fiscal<\/span><\/a><\/div><\/div><\/div><\/div><\/div><\/div><\/div><div id=\"td_uid_9_69f27aa0b7be5\" class=\"tdc-row\"><div class=\"vc_row td_uid_15_69f27aa0b7beb_rand  wpb_row td-pb-row\" >\n<style scoped>\n\n\/* custom css *\/\n.td_uid_15_69f27aa0b7beb_rand {\r\n                    min-height: 0;\r\n                }\n<\/style><div class=\"vc_column td_uid_16_69f27aa0b7dad_rand  wpb_column vc_column_container tdc-column td-pb-span12\">\n<style scoped>\n\n\/* custom css *\/\n.td_uid_16_69f27aa0b7dad_rand {\r\n                    vertical-align: baseline;\r\n                }\n<\/style><div class=\"wpb_wrapper\"><div class=\"tdm_block td_block_wrap tdm_block_button td_uid_17_69f27aa0b7ead_rand tdm-block-button-inline tdm-content-horiz-left td-pb-border-top td_block_template_1\"  data-td-block-uid=\"td_uid_17_69f27aa0b7ead\"     >\n<style>\n\n\/* inline tdc_css att *\/\n\n.td_uid_17_69f27aa0b7ead_rand{\nmargin-right:3px !important;\nmargin-left:150px !important;\npadding-right:0px !important;\nborder-style:solid !important;\nborder-color:#888888 !important;\nborder-width: 0px 0px 0px 0px !important;\n}\n\n<\/style>\n<style>\nbody .td_uid_18_69f27aa0b8319 .tdm-btn,\r\n\t\t\t\tbody .td_uid_18_69f27aa0b8319 {\r\n\t\t\t\t\tbackground-color: #dd3333;\r\n\t\t\t\t}\n<\/style><div class=\"tds-button td-fix-index\"><div class=\"tds-button4 tdm-btn-lg-wrap td_uid_18_69f27aa0b8319\"><a href=\"https:\/\/www.camado.org.co\/web2\/wp-content\/uploads\/2023\/02\/CENSO-ELECTORAL.pdf\" class=\"tdm-btn tdm-button-a tdm-btn-lg\"  target=\"_blank\" ><span class=\"tdm-btn-text\">Censo Electoral<\/span><\/a><a href=\"https:\/\/www.camado.org.co\/web2\/wp-content\/uploads\/2023\/02\/CENSO-ELECTORAL.pdf\" class=\"tdm-btn tdm-button-b tdm-btn-lg\"  target=\"_blank\" ><span class=\"tdm-btn-text\">Censo Electoral<\/span><\/a><\/div><\/div><\/div><div class=\"tdm_block td_block_wrap tdm_block_button td_uid_19_69f27aa0b873c_rand tdm-block-button-inline tdm-content-horiz-left td-pb-border-top td_block_template_1\"  data-td-block-uid=\"td_uid_19_69f27aa0b873c\"     >\n<style>\n\n\/* inline tdc_css att *\/\n\n.td_uid_19_69f27aa0b873c_rand{\nmargin-right:3px !important;\nmargin-left:3px !important;\nborder-radius:3px !important;\nborder-style:solid !important;\nborder-color:#888888 !important;\nborder-width: 0px 0px 0px 0px !important;\n}\n\n<\/style>\n<style>\nbody .td_uid_20_69f27aa0b8b7f .tdm-btn,\r\n\t\t\t\tbody .td_uid_20_69f27aa0b8b7f {\r\n\t\t\t\t\tbackground-color: #680000;\r\n\t\t\t\t}\n<\/style><div class=\"tds-button td-fix-index\"><div class=\"tds-button4 tdm-btn-lg-wrap td_uid_20_69f27aa0b8b7f\"><a href=\"https:\/\/www.camado.org.co\/web2\/wp-content\/uploads\/2022\/09\/T\u00c9RMINOS-DE-REFERENCIA-Y-CONVOCATORIA-PARA-LA-ELECCI\u00d3N-DE-REVISOR-FISCAL-DE-LA-C\u00c1MARA-DE-COMERCIO-DE-DOSQUEBRADAS-1.pdf\" class=\"tdm-btn tdm-button-a tdm-btn-lg\"  target=\"_blank\" ><span class=\"tdm-btn-text\">Terminos de Referencia<\/span><\/a><a href=\"https:\/\/www.camado.org.co\/web2\/wp-content\/uploads\/2022\/09\/T\u00c9RMINOS-DE-REFERENCIA-Y-CONVOCATORIA-PARA-LA-ELECCI\u00d3N-DE-REVISOR-FISCAL-DE-LA-C\u00c1MARA-DE-COMERCIO-DE-DOSQUEBRADAS-1.pdf\" class=\"tdm-btn tdm-button-b tdm-btn-lg\"  target=\"_blank\" ><span class=\"tdm-btn-text\">Terminos de Referencia<\/span><\/a><\/div><\/div><\/div><div class=\"tdm_block td_block_wrap tdm_block_button td_uid_21_69f27aa0b8f41_rand tdm-block-button-inline tdm-content-horiz-left td-pb-border-top td_block_template_1\"  data-td-block-uid=\"td_uid_21_69f27aa0b8f41\"     >\n<style>\n\n\/* inline tdc_css att *\/\n\n.td_uid_21_69f27aa0b8f41_rand{\nmargin-right:3px !important;\nmargin-left:3px !important;\nborder-radius:3px !important;\nborder-style:solid !important;\nborder-color:#888888 !important;\nborder-width: 0px 0px 0px 0px !important;\n}\n\n<\/style>\n<style>\nbody .td_uid_22_69f27aa0b93ac .tdm-btn,\r\n\t\t\t\tbody .td_uid_22_69f27aa0b93ac {\r\n\t\t\t\t\tbackground-color: #dd3333;\r\n\t\t\t\t}\n<\/style><div class=\"tds-button td-fix-index\"><div class=\"tds-button4 tdm-btn-lg-wrap td_uid_22_69f27aa0b93ac\"><a href=\"https:\/\/www.camado.org.co\/web2\/2022\/11\/11\/avisos-revisoria-fiscal\/\" class=\"tdm-btn tdm-button-a tdm-btn-lg\"  target=\"_blank\" ><span class=\"tdm-btn-text\">Publicaciones Revisor\u00eda Fiscal<\/span><\/a><a href=\"https:\/\/www.camado.org.co\/web2\/2022\/11\/11\/avisos-revisoria-fiscal\/\" class=\"tdm-btn tdm-button-b tdm-btn-lg\"  target=\"_blank\" ><span class=\"tdm-btn-text\">Publicaciones Revisor\u00eda Fiscal<\/span><\/a><\/div><\/div><\/div><div class=\"tdm_block td_block_wrap tdm_block_button td_uid_23_69f27aa0b97b1_rand tdm-block-button-inline tdm-content-horiz-left td-pb-border-top td_block_template_1\"  data-td-block-uid=\"td_uid_23_69f27aa0b97b1\"     >\n<style>\n\n\/* inline tdc_css att *\/\n\n.td_uid_23_69f27aa0b97b1_rand{\nmargin-right:3px !important;\nmargin-bottom:3px !important;\nmargin-left:80px !important;\nborder-radius:3px !important;\nborder-style:solid !important;\nborder-color:#888888 !important;\nborder-width: 0px 0px 0px 0px !important;\n}\n\n<\/style>\n<style>\nbody .td_uid_24_69f27aa0b9c64 .tdm-btn,\r\n\t\t\t\tbody .td_uid_24_69f27aa0b9c64 {\r\n\t\t\t\t\tbackground-color: #680000;\r\n\t\t\t\t}\n<\/style><div class=\"tds-button td-fix-index\"><div class=\"tds-button4 tdm-btn-lg-wrap td_uid_24_69f27aa0b9c64\"><a href=\"https:\/\/www.camado.org.co\/web2\/2022\/10\/14\/publicaciones-junta-directiva\/\" class=\"tdm-btn tdm-button-a tdm-btn-lg\"  target=\"_blank\" ><span class=\"tdm-btn-text\">Publicaciones Junta Directiva y Requisitos para Inscripci\u00f3n de Listas<\/span><\/a><a href=\"https:\/\/www.camado.org.co\/web2\/2022\/10\/14\/publicaciones-junta-directiva\/\" class=\"tdm-btn tdm-button-b tdm-btn-lg\"  target=\"_blank\" ><span class=\"tdm-btn-text\">Publicaciones Junta Directiva y Requisitos para Inscripci\u00f3n de Listas<\/span><\/a><\/div><\/div><\/div><div class=\"tdm_block td_block_wrap tdm_block_button td_uid_25_69f27aa0ba02e_rand tdm-block-button-inline tdm-content-horiz-left td-pb-border-top td_block_template_1\"  data-td-block-uid=\"td_uid_25_69f27aa0ba02e\"     >\n<style>\n\n\/* inline tdc_css att *\/\n\n.td_uid_25_69f27aa0ba02e_rand{\nmargin-top:3px !important;\nmargin-right:3px !important;\nmargin-left:3px !important;\nborder-radius:3px !important;\nborder-style:solid !important;\nborder-color:#888888 !important;\nborder-width: 0px 0px 0px 0px !important;\n}\n\n<\/style>\n<style>\nbody .td_uid_26_69f27aa0ba473 .tdm-btn,\r\n\t\t\t\tbody .td_uid_26_69f27aa0ba473 {\r\n\t\t\t\t\tbackground-color: #680000;\r\n\t\t\t\t}\n<\/style><div class=\"tds-button td-fix-index\"><div class=\"tds-button4 tdm-btn-lg-wrap td_uid_26_69f27aa0ba473\"><a href=\"https:\/\/www.camado.org.co\/web2\/wp-content\/uploads\/2023\/02\/PUBLICACION_CANDIDATOS_2.pdf\" class=\"tdm-btn tdm-button-a tdm-btn-lg\"  target=\"_blank\" ><span class=\"tdm-btn-text\">Listas de Candidatos Junta Directiva<\/span><\/a><a href=\"https:\/\/www.camado.org.co\/web2\/wp-content\/uploads\/2023\/02\/PUBLICACION_CANDIDATOS_2.pdf\" class=\"tdm-btn tdm-button-b tdm-btn-lg\"  target=\"_blank\" ><span class=\"tdm-btn-text\">Listas de Candidatos Junta Directiva<\/span><\/a><\/div><\/div><\/div><div class=\"tdm_block td_block_wrap tdm_block_button td_uid_27_69f27aa0ba85f_rand tdm-block-button-inline tdm-content-horiz-left td-pb-border-top td_block_template_1\"  data-td-block-uid=\"td_uid_27_69f27aa0ba85f\"     >\n<style>\n\n\/* inline tdc_css att *\/\n\n.td_uid_27_69f27aa0ba85f_rand{\nmargin-right:3px !important;\nmargin-left:220px !important;\nborder-radius:3px !important;\nborder-style:solid !important;\nborder-color:#888888 !important;\nborder-width: 0px 0px 0px 0px !important;\n}\n\n<\/style>\n<style>\nbody .td_uid_28_69f27aa0bacb5 .tdm-btn,\r\n\t\t\t\tbody .td_uid_28_69f27aa0bacb5 {\r\n\t\t\t\t\tbackground-color: #dd3333;\r\n\t\t\t\t}\n<\/style><div class=\"tds-button td-fix-index\"><div class=\"tds-button4 tdm-btn-lg-wrap td_uid_28_69f27aa0bacb5\"><a href=\"https:\/\/www.camado.org.co\/web2\/wp-content\/uploads\/2022\/11\/LISTAS-DE-CANDIDATOS-A-REVISOR-FISCAL-PERIODO-2023.pdf\" class=\"tdm-btn tdm-button-a tdm-btn-lg\"  target=\"_blank\" ><span class=\"tdm-btn-text\">Listas de Candidatos Revisor Fiscal<\/span><\/a><a href=\"https:\/\/www.camado.org.co\/web2\/wp-content\/uploads\/2022\/11\/LISTAS-DE-CANDIDATOS-A-REVISOR-FISCAL-PERIODO-2023.pdf\" class=\"tdm-btn tdm-button-b tdm-btn-lg\"  target=\"_blank\" ><span class=\"tdm-btn-text\">Listas de Candidatos Revisor Fiscal<\/span><\/a><\/div><\/div><\/div><div class=\"tdm_block td_block_wrap tdm_block_button td_uid_29_69f27aa0bb0b9_rand tdm-block-button-inline tdm-content-horiz-left td-pb-border-top td_block_template_1\"  data-td-block-uid=\"td_uid_29_69f27aa0bb0b9\"     >\n<style>\n\n\/* inline tdc_css att *\/\n\n.td_uid_29_69f27aa0bb0b9_rand{\nmargin-right:3px !important;\nmargin-left:3px !important;\nborder-radius:3px !important;\nborder-style:solid !important;\nborder-color:#888888 !important;\nborder-width: 0px 0px 0px 0px !important;\n}\n\n<\/style>\n<style>\nbody .td_uid_30_69f27aa0bb506 .tdm-btn,\r\n\t\t\t\tbody .td_uid_30_69f27aa0bb506 {\r\n\t\t\t\t\tbackground-color: #680000;\r\n\t\t\t\t}\n<\/style><div class=\"tds-button td-fix-index\"><div class=\"tds-button4 tdm-btn-lg-wrap td_uid_30_69f27aa0bb506\"><a href=\"https:\/\/www.camado.org.co\/web2\/wp-content\/uploads\/2023\/02\/aviso-sorteo.png\" class=\"tdm-btn tdm-button-a tdm-btn-lg\"  target=\"_blank\" ><span class=\"tdm-btn-text\">Sorteo Jurados de Votaci\u00f3n<\/span><\/a><a href=\"https:\/\/www.camado.org.co\/web2\/wp-content\/uploads\/2023\/02\/aviso-sorteo.png\" class=\"tdm-btn tdm-button-b tdm-btn-lg\"  target=\"_blank\" ><span class=\"tdm-btn-text\">Sorteo Jurados de Votaci\u00f3n<\/span><\/a><\/div><\/div><\/div><\/div><\/div><\/div><\/div><\/div><\/div>","protected":false},"excerpt":{"rendered":"","protected":false},"author":1,"featured_media":0,"parent":0,"menu_order":0,"comment_status":"closed","ping_status":"closed","template":"","meta":{"ngg_post_thumbnail":0,"footnotes":""},"class_list":["post-5154","page","type-page","status-publish"],"yoast_head":"<!-- This site is optimized with the Yoast SEO plugin v27.5 - https:\/\/yoast.com\/product\/yoast-seo-wordpress\/ -->\n<title>Elecciones Junta Directiva - C\u00e1mara de Comercio de Dosquebradas<\/title>\n<meta name=\"robots\" content=\"index, follow, max-snippet:-1, max-image-preview:large, max-video-preview:-1\" \/>\n<link rel=\"canonical\" href=\"https:\/\/www.camado.org.co\/web2\/elecciones-junta-directiva\/\" \/>\n<meta property=\"og:locale\" content=\"es_ES\" \/>\n<meta property=\"og:type\" content=\"article\" \/>\n<meta property=\"og:title\" content=\"Elecciones Junta Directiva - C\u00e1mara de Comercio de Dosquebradas\" \/>\n<meta property=\"og:url\" content=\"https:\/\/www.camado.org.co\/web2\/elecciones-junta-directiva\/\" \/>\n<meta property=\"og:site_name\" content=\"C\u00e1mara de Comercio de Dosquebradas\" \/>\n<meta property=\"article:modified_time\" content=\"2023-02-25T16:50:15+00:00\" \/>\n<meta name=\"twitter:card\" content=\"summary_large_image\" \/>\n<meta name=\"twitter:label1\" content=\"Tiempo de lectura\" \/>\n\t<meta name=\"twitter:data1\" content=\"4 minutos\" \/>\n<script type=\"application\/ld+json\" class=\"yoast-schema-graph\">{\"@context\":\"https:\\\/\\\/schema.org\",\"@graph\":[{\"@type\":\"WebPage\",\"@id\":\"https:\\\/\\\/www.camado.org.co\\\/web2\\\/elecciones-junta-directiva\\\/\",\"url\":\"https:\\\/\\\/www.camado.org.co\\\/web2\\\/elecciones-junta-directiva\\\/\",\"name\":\"Elecciones Junta Directiva - C\u00e1mara de Comercio de Dosquebradas\",\"isPartOf\":{\"@id\":\"https:\\\/\\\/www.camado.org.co\\\/web2\\\/#website\"},\"datePublished\":\"2022-09-01T20:50:50+00:00\",\"dateModified\":\"2023-02-25T16:50:15+00:00\",\"breadcrumb\":{\"@id\":\"https:\\\/\\\/www.camado.org.co\\\/web2\\\/elecciones-junta-directiva\\\/#breadcrumb\"},\"inLanguage\":\"es\",\"potentialAction\":[{\"@type\":\"ReadAction\",\"target\":[\"https:\\\/\\\/www.camado.org.co\\\/web2\\\/elecciones-junta-directiva\\\/\"]}]},{\"@type\":\"BreadcrumbList\",\"@id\":\"https:\\\/\\\/www.camado.org.co\\\/web2\\\/elecciones-junta-directiva\\\/#breadcrumb\",\"itemListElement\":[{\"@type\":\"ListItem\",\"position\":1,\"name\":\"Portada\",\"item\":\"https:\\\/\\\/www.camado.org.co\\\/web2\\\/\"},{\"@type\":\"ListItem\",\"position\":2,\"name\":\"Elecciones Junta Directiva\"}]},{\"@type\":\"WebSite\",\"@id\":\"https:\\\/\\\/www.camado.org.co\\\/web2\\\/#website\",\"url\":\"https:\\\/\\\/www.camado.org.co\\\/web2\\\/\",\"name\":\"C\u00e1mara de Comercio de Dosquebradas\",\"description\":\"Camado\",\"potentialAction\":[{\"@type\":\"SearchAction\",\"target\":{\"@type\":\"EntryPoint\",\"urlTemplate\":\"https:\\\/\\\/www.camado.org.co\\\/web2\\\/?s={search_term_string}\"},\"query-input\":{\"@type\":\"PropertyValueSpecification\",\"valueRequired\":true,\"valueName\":\"search_term_string\"}}],\"inLanguage\":\"es\"}]}<\/script>\n<!-- \/ Yoast SEO plugin. -->","yoast_head_json":{"title":"Elecciones Junta Directiva - C\u00e1mara de Comercio de Dosquebradas","robots":{"index":"index","follow":"follow","max-snippet":"max-snippet:-1","max-image-preview":"max-image-preview:large","max-video-preview":"max-video-preview:-1"},"canonical":"https:\/\/www.camado.org.co\/web2\/elecciones-junta-directiva\/","og_locale":"es_ES","og_type":"article","og_title":"Elecciones Junta Directiva - C\u00e1mara de Comercio de Dosquebradas","og_url":"https:\/\/www.camado.org.co\/web2\/elecciones-junta-directiva\/","og_site_name":"C\u00e1mara de Comercio de Dosquebradas","article_modified_time":"2023-02-25T16:50:15+00:00","twitter_card":"summary_large_image","twitter_misc":{"Tiempo de lectura":"4 minutos"},"schema":{"@context":"https:\/\/schema.org","@graph":[{"@type":"WebPage","@id":"https:\/\/www.camado.org.co\/web2\/elecciones-junta-directiva\/","url":"https:\/\/www.camado.org.co\/web2\/elecciones-junta-directiva\/","name":"Elecciones Junta Directiva - C\u00e1mara de Comercio de Dosquebradas","isPartOf":{"@id":"https:\/\/www.camado.org.co\/web2\/#website"},"datePublished":"2022-09-01T20:50:50+00:00","dateModified":"2023-02-25T16:50:15+00:00","breadcrumb":{"@id":"https:\/\/www.camado.org.co\/web2\/elecciones-junta-directiva\/#breadcrumb"},"inLanguage":"es","potentialAction":[{"@type":"ReadAction","target":["https:\/\/www.camado.org.co\/web2\/elecciones-junta-directiva\/"]}]},{"@type":"BreadcrumbList","@id":"https:\/\/www.camado.org.co\/web2\/elecciones-junta-directiva\/#breadcrumb","itemListElement":[{"@type":"ListItem","position":1,"name":"Portada","item":"https:\/\/www.camado.org.co\/web2\/"},{"@type":"ListItem","position":2,"name":"Elecciones Junta Directiva"}]},{"@type":"WebSite","@id":"https:\/\/www.camado.org.co\/web2\/#website","url":"https:\/\/www.camado.org.co\/web2\/","name":"C\u00e1mara de Comercio de Dosquebradas","description":"Camado","potentialAction":[{"@type":"SearchAction","target":{"@type":"EntryPoint","urlTemplate":"https:\/\/www.camado.org.co\/web2\/?s={search_term_string}"},"query-input":{"@type":"PropertyValueSpecification","valueRequired":true,"valueName":"search_term_string"}}],"inLanguage":"es"}]}},"_links":{"self":[{"href":"https:\/\/www.camado.org.co\/web2\/wp-json\/wp\/v2\/pages\/5154","targetHints":{"allow":["GET"]}}],"collection":[{"href":"https:\/\/www.camado.org.co\/web2\/wp-json\/wp\/v2\/pages"}],"about":[{"href":"https:\/\/www.camado.org.co\/web2\/wp-json\/wp\/v2\/types\/page"}],"author":[{"embeddable":true,"href":"https:\/\/www.camado.org.co\/web2\/wp-json\/wp\/v2\/users\/1"}],"replies":[{"embeddable":true,"href":"https:\/\/www.camado.org.co\/web2\/wp-json\/wp\/v2\/comments?post=5154"}],"version-history":[{"count":89,"href":"https:\/\/www.camado.org.co\/web2\/wp-json\/wp\/v2\/pages\/5154\/revisions"}],"predecessor-version":[{"id":6115,"href":"https:\/\/www.camado.org.co\/web2\/wp-json\/wp\/v2\/pages\/5154\/revisions\/6115"}],"wp:attachment":[{"href":"https:\/\/www.camado.org.co\/web2\/wp-json\/wp\/v2\/media?parent=5154"}],"curies":[{"name":"wp","href":"https:\/\/api.w.org\/{rel}","templated":true}]}}