{"id":6470,"date":"2023-09-01T13:29:47","date_gmt":"2023-09-01T13:29:47","guid":{"rendered":"https:\/\/www.camado.org.co\/web2\/?page_id=6470"},"modified":"2025-09-04T19:27:46","modified_gmt":"2025-09-04T19:27:46","slug":"informacion-para-mujeres","status":"publish","type":"page","link":"https:\/\/www.camado.org.co\/web2\/informacion-para-mujeres\/","title":{"rendered":"Informaci\u00f3n para mujeres"},"content":{"rendered":"\n<p><br>La C\u00e1mara de Comercio de Dosquebradas en b\u00fasqueda de la equidad de g\u00e9nero, dispone<br>actividades y proyectos orientados a la generaci\u00f3n y fortalecimiento de las empresas lideradas por mujeres en la regi\u00f3n. <br><br>Conozca las actividades en que participamos: <\/p>\n\n\n\n<ul class=\"wp-block-list\">\n<li>Consejo Comunitario de Mujeres en Dosquebradas. Conozca m\u00e1s <a href=\"https:\/\/www.dosquebradas.gov.co\/web\/index.php\/216-secretarias\/desarrollo-%20%20social\/noticias\/2020\/3651-39-mujeres-conformaran-el-consejo-comunitario-de-mujeres-en-%20%20dosquebradas\">aqu\u00ed<\/a><br><\/li>\n\n\n\n<li>Operador para la ejecuci\u00f3n del programa \u201cDesarrollo Con Sentimiento de Mujer\u201d, en los<br> municipios de Santa Rosa, La Celia, Gu\u00e1tica, Balboa y Marsella. Conozca m\u00e1s <a href=\"https:\/\/www.apccolombia.gov.co\/proyectos\/desarrollo-con-sentimiento-de-mujer\">aqu\u00ed<\/a><\/li>\n\n\n\n<li>Prsentacion Mujer E 2024 <a href=\"https:\/\/www.camado.org.co\/web2\/wp-content\/uploads\/2025\/09\/Presentacion-Mujer-E-2024.pptx\">aqu\u00ed<\/a><\/li>\n<\/ul>\n","protected":false},"excerpt":{"rendered":"<p>La C\u00e1mara de Comercio de Dosquebradas en b\u00fasqueda de la equidad de g\u00e9nero, disponeactividades y proyectos orientados a la generaci\u00f3n y fortalecimiento de las empresas lideradas por mujeres en la regi\u00f3n. Conozca las actividades en que participamos:<\/p>\n","protected":false},"author":1,"featured_media":0,"parent":0,"menu_order":0,"comment_status":"closed","ping_status":"closed","template":"","meta":{"ngg_post_thumbnail":0,"footnotes":""},"class_list":["post-6470","page","type-page","status-publish"],"yoast_head":"<!-- This site is optimized with the Yoast SEO plugin v27.5 - https:\/\/yoast.com\/product\/yoast-seo-wordpress\/ -->\n<title>Informaci\u00f3n para mujeres - C\u00e1mara de Comercio de Dosquebradas<\/title>\n<meta name=\"robots\" content=\"index, follow, max-snippet:-1, max-image-preview:large, max-video-preview:-1\" \/>\n<link rel=\"canonical\" href=\"https:\/\/www.camado.org.co\/web2\/informacion-para-mujeres\/\" \/>\n<meta property=\"og:locale\" content=\"es_ES\" \/>\n<meta property=\"og:type\" content=\"article\" \/>\n<meta property=\"og:title\" content=\"Informaci\u00f3n para mujeres - C\u00e1mara de Comercio de Dosquebradas\" \/>\n<meta property=\"og:description\" content=\"La C\u00e1mara de Comercio de Dosquebradas en b\u00fasqueda de la equidad de g\u00e9nero, disponeactividades y proyectos orientados a la generaci\u00f3n y fortalecimiento de las empresas lideradas por mujeres en la regi\u00f3n. Conozca las actividades en que participamos:\" \/>\n<meta property=\"og:url\" content=\"https:\/\/www.camado.org.co\/web2\/informacion-para-mujeres\/\" \/>\n<meta property=\"og:site_name\" content=\"C\u00e1mara de Comercio de Dosquebradas\" \/>\n<meta property=\"article:modified_time\" content=\"2025-09-04T19:27:46+00:00\" \/>\n<meta name=\"twitter:card\" content=\"summary_large_image\" \/>\n<script type=\"application\/ld+json\" class=\"yoast-schema-graph\">{\"@context\":\"https:\\\/\\\/schema.org\",\"@graph\":[{\"@type\":\"WebPage\",\"@id\":\"https:\\\/\\\/www.camado.org.co\\\/web2\\\/informacion-para-mujeres\\\/\",\"url\":\"https:\\\/\\\/www.camado.org.co\\\/web2\\\/informacion-para-mujeres\\\/\",\"name\":\"Informaci\u00f3n para mujeres - C\u00e1mara de Comercio de Dosquebradas\",\"isPartOf\":{\"@id\":\"https:\\\/\\\/www.camado.org.co\\\/web2\\\/#website\"},\"datePublished\":\"2023-09-01T13:29:47+00:00\",\"dateModified\":\"2025-09-04T19:27:46+00:00\",\"breadcrumb\":{\"@id\":\"https:\\\/\\\/www.camado.org.co\\\/web2\\\/informacion-para-mujeres\\\/#breadcrumb\"},\"inLanguage\":\"es\",\"potentialAction\":[{\"@type\":\"ReadAction\",\"target\":[\"https:\\\/\\\/www.camado.org.co\\\/web2\\\/informacion-para-mujeres\\\/\"]}]},{\"@type\":\"BreadcrumbList\",\"@id\":\"https:\\\/\\\/www.camado.org.co\\\/web2\\\/informacion-para-mujeres\\\/#breadcrumb\",\"itemListElement\":[{\"@type\":\"ListItem\",\"position\":1,\"name\":\"Portada\",\"item\":\"https:\\\/\\\/www.camado.org.co\\\/web2\\\/\"},{\"@type\":\"ListItem\",\"position\":2,\"name\":\"Informaci\u00f3n para mujeres\"}]},{\"@type\":\"WebSite\",\"@id\":\"https:\\\/\\\/www.camado.org.co\\\/web2\\\/#website\",\"url\":\"https:\\\/\\\/www.camado.org.co\\\/web2\\\/\",\"name\":\"C\u00e1mara de Comercio de Dosquebradas\",\"description\":\"Camado\",\"potentialAction\":[{\"@type\":\"SearchAction\",\"target\":{\"@type\":\"EntryPoint\",\"urlTemplate\":\"https:\\\/\\\/www.camado.org.co\\\/web2\\\/?s={search_term_string}\"},\"query-input\":{\"@type\":\"PropertyValueSpecification\",\"valueRequired\":true,\"valueName\":\"search_term_string\"}}],\"inLanguage\":\"es\"}]}<\/script>\n<!-- \/ Yoast SEO plugin. -->","yoast_head_json":{"title":"Informaci\u00f3n para mujeres - C\u00e1mara de Comercio de Dosquebradas","robots":{"index":"index","follow":"follow","max-snippet":"max-snippet:-1","max-image-preview":"max-image-preview:large","max-video-preview":"max-video-preview:-1"},"canonical":"https:\/\/www.camado.org.co\/web2\/informacion-para-mujeres\/","og_locale":"es_ES","og_type":"article","og_title":"Informaci\u00f3n para mujeres - C\u00e1mara de Comercio de Dosquebradas","og_description":"La C\u00e1mara de Comercio de Dosquebradas en b\u00fasqueda de la equidad de g\u00e9nero, disponeactividades y proyectos orientados a la generaci\u00f3n y fortalecimiento de las empresas lideradas por mujeres en la regi\u00f3n. Conozca las actividades en que participamos:","og_url":"https:\/\/www.camado.org.co\/web2\/informacion-para-mujeres\/","og_site_name":"C\u00e1mara de Comercio de Dosquebradas","article_modified_time":"2025-09-04T19:27:46+00:00","twitter_card":"summary_large_image","schema":{"@context":"https:\/\/schema.org","@graph":[{"@type":"WebPage","@id":"https:\/\/www.camado.org.co\/web2\/informacion-para-mujeres\/","url":"https:\/\/www.camado.org.co\/web2\/informacion-para-mujeres\/","name":"Informaci\u00f3n para mujeres - C\u00e1mara de Comercio de Dosquebradas","isPartOf":{"@id":"https:\/\/www.camado.org.co\/web2\/#website"},"datePublished":"2023-09-01T13:29:47+00:00","dateModified":"2025-09-04T19:27:46+00:00","breadcrumb":{"@id":"https:\/\/www.camado.org.co\/web2\/informacion-para-mujeres\/#breadcrumb"},"inLanguage":"es","potentialAction":[{"@type":"ReadAction","target":["https:\/\/www.camado.org.co\/web2\/informacion-para-mujeres\/"]}]},{"@type":"BreadcrumbList","@id":"https:\/\/www.camado.org.co\/web2\/informacion-para-mujeres\/#breadcrumb","itemListElement":[{"@type":"ListItem","position":1,"name":"Portada","item":"https:\/\/www.camado.org.co\/web2\/"},{"@type":"ListItem","position":2,"name":"Informaci\u00f3n para mujeres"}]},{"@type":"WebSite","@id":"https:\/\/www.camado.org.co\/web2\/#website","url":"https:\/\/www.camado.org.co\/web2\/","name":"C\u00e1mara de Comercio de Dosquebradas","description":"Camado","potentialAction":[{"@type":"SearchAction","target":{"@type":"EntryPoint","urlTemplate":"https:\/\/www.camado.org.co\/web2\/?s={search_term_string}"},"query-input":{"@type":"PropertyValueSpecification","valueRequired":true,"valueName":"search_term_string"}}],"inLanguage":"es"}]}},"_links":{"self":[{"href":"https:\/\/www.camado.org.co\/web2\/wp-json\/wp\/v2\/pages\/6470","targetHints":{"allow":["GET"]}}],"collection":[{"href":"https:\/\/www.camado.org.co\/web2\/wp-json\/wp\/v2\/pages"}],"about":[{"href":"https:\/\/www.camado.org.co\/web2\/wp-json\/wp\/v2\/types\/page"}],"author":[{"embeddable":true,"href":"https:\/\/www.camado.org.co\/web2\/wp-json\/wp\/v2\/users\/1"}],"replies":[{"embeddable":true,"href":"https:\/\/www.camado.org.co\/web2\/wp-json\/wp\/v2\/comments?post=6470"}],"version-history":[{"count":5,"href":"https:\/\/www.camado.org.co\/web2\/wp-json\/wp\/v2\/pages\/6470\/revisions"}],"predecessor-version":[{"id":8776,"href":"https:\/\/www.camado.org.co\/web2\/wp-json\/wp\/v2\/pages\/6470\/revisions\/8776"}],"wp:attachment":[{"href":"https:\/\/www.camado.org.co\/web2\/wp-json\/wp\/v2\/media?parent=6470"}],"curies":[{"name":"wp","href":"https:\/\/api.w.org\/{rel}","templated":true}]}}