{"id":806,"date":"2019-12-16T00:29:26","date_gmt":"2019-12-16T00:29:26","guid":{"rendered":"http:\/\/www.camado.org.co\/web2\/?page_id=806"},"modified":"2023-04-28T14:57:52","modified_gmt":"2023-04-28T14:57:52","slug":"centro-de-conciliacion","status":"publish","type":"page","link":"https:\/\/www.camado.org.co\/web2\/centro-de-conciliacion\/","title":{"rendered":"Centro de Conciliaci\u00f3n"},"content":{"rendered":"\n<figure class=\"wp-block-image size-large\"><img loading=\"lazy\" decoding=\"async\" width=\"880\" height=\"311\" src=\"http:\/\/www.camado.org.co\/web2\/wp-content\/uploads\/2019\/12\/centro-de-conciliacion-1.png\" alt=\"\" class=\"wp-image-807\" srcset=\"https:\/\/www.camado.org.co\/web2\/wp-content\/uploads\/2019\/12\/centro-de-conciliacion-1.png 880w, https:\/\/www.camado.org.co\/web2\/wp-content\/uploads\/2019\/12\/centro-de-conciliacion-1-300x106.png 300w, https:\/\/www.camado.org.co\/web2\/wp-content\/uploads\/2019\/12\/centro-de-conciliacion-1-768x271.png 768w, https:\/\/www.camado.org.co\/web2\/wp-content\/uploads\/2019\/12\/centro-de-conciliacion-1-696x246.png 696w\" sizes=\"auto, (max-width: 880px) 100vw, 880px\" \/><\/figure>\n\n\n\n<h3 class=\"wp-block-heading\"><strong>\u00bfQu\u00e9 es Conciliaci\u00f3n?<\/strong><\/h3>\n\n\n\n<p><br><strong>La Conciliaci\u00f3n Extrajudicial en Derecho:<\/strong>&nbsp;Es un mecanismo alternativo de soluci\u00f3n de conflictos, por medio del cual dos o m\u00e1s personas (naturales o jur\u00eddicas de car\u00e1cter p\u00fablico o privado, nacionales o extranjeras) gestionan por s\u00ed mismas, de manera aut\u00f3noma y con plenos efectos legales, la soluci\u00f3n de sus conflictos, con la ayuda de un tercero neutral y calificado denominado conciliador.<\/p>\n\n\n\n<h5 class=\"wp-block-heading\">El Centro de Conciliaci\u00f3n, Arbitraje y Amigable Composici\u00f3n de la C\u00e1mara de Comercio de Dosquebradas atiende en conciliaci\u00f3n asuntos de Derecho Comercial como:<\/h5>\n\n\n\n<p>Incumplimiento de contratos comerciales, diferencias derivadas del contrato de compraventa de establecimientos de comercio, diferencias en el contrato de arrendamiento de local comercial, y disoluci\u00f3n y liquidaci\u00f3n de una sociedad. En Derecho Civil, diferencias como aquellas originadas en los contratos de arrendamiento de inmuebles, incumplimientos en los contrato de promesa de compraventa de bienes muebles o inmuebles y responsabilidad civil extracontractual (accidentes de tr\u00e1nsito donde se pretenda la indemnizaci\u00f3n por da\u00f1os y perjuicio, as\u00ed mismo todo lo relacionado con las \u00e1reas de tr\u00e1nsito y familia.<\/p>\n\n\n\n<p><\/p>\n\n\n\n<h3 class=\"has-text-align-center wp-block-heading\"><strong> Beneficios de la Conciliaci\u00f3n <\/strong><\/h3>\n\n\n\n<p><\/p>\n\n\n\n<div class=\"wp-block-columns is-layout-flex wp-container-core-columns-is-layout-9d6595d7 wp-block-columns-is-layout-flex\">\n<div class=\"wp-block-column is-layout-flow wp-block-column-is-layout-flow\">\n<h4 class=\"wp-block-heading\"><strong>Evita Pleitos<\/strong><\/h4>\n\n\n\n<p>A trav\u00e9s de la conciliaci\u00f3n se logran acuerdos que permitan prevenir un litigio eventual o terminar un pleito pendiente, sin los tr\u00e1mites, costos y formalismos procesales.\n\n<\/p>\n\n\n\n<p><\/p>\n\n\n\n<h4 class=\"wp-block-heading\"><strong>Tiene Rigor de Ley<\/strong> <\/h4>\n\n\n\n<p>El acuerdo logrado en la conciliaci\u00f3n es obligatorio seg\u00fan las leyes vigentes, tiene efecto de cosa juzgada y presta m\u00e9rito ejecutivo. <\/p>\n<\/div>\n\n\n\n<div class=\"wp-block-column is-layout-flow wp-block-column-is-layout-flow\">\n<h4 class=\"wp-block-heading\"> <strong>\u00c1gil<\/strong> <\/h4>\n\n\n\n<p>Se desarrolla m\u00e1xima en 10 d\u00edas h\u00e1biles, tiempo en el cual se podr\u00eda lograr un acuerdo lo cual representa un ahorro importante de recursos, frente a la duraci\u00f3n de un proceso judicial. <\/p>\n\n\n\n<h4 class=\"wp-block-heading\">  <strong>Econ\u00f3mica<\/strong> <\/h4>\n\n\n\n<p> El valor de los servicios que presta el CAC es muy bajo, comparado con los costos de un proceso judicial. <\/p>\n<\/div>\n\n\n\n<div class=\"wp-block-column is-layout-flow wp-block-column-is-layout-flow\">\n<h4 class=\"wp-block-heading\"> <strong>Reservada<\/strong> <\/h4>\n\n\n\n<p> Nada de los que se discuta durante la audiencia de conciliaci\u00f3n puede trascender o conocerse fuera de su \u00e1mbito.                                         <\/p>\n&nbsp;\n\n\n\n<h4 class=\"wp-block-heading\"> <strong>Usted es el Juez<\/strong> <\/h4>\n\n\n\n<p>Las partes resuelven directamente sus discrepancias, convirti\u00e9ndose en los mejores falladores de sus causas. <\/p>\n<\/div>\n<\/div>\n\n\n\n<p><\/p>\n\n\n\n<div class=\"wp-block-columns is-layout-flex wp-container-core-columns-is-layout-9d6595d7 wp-block-columns-is-layout-flex\">\n<div class=\"wp-block-column is-layout-flow wp-block-column-is-layout-flow\">\n<h4 class=\"wp-block-heading\"><strong>Ente Regulador-Ministerio de interior y de Justicia <\/strong><\/h4>\n\n\n\n<h4 class=\"wp-block-heading\"><strong>Que es arbitraje <\/strong><\/h4>\n\n\n\n<p>Mecanismo de soluci\u00f3n de conflictos por medio del cual las partes a trav\u00e9s de un pacto arbitral (cl\u00e1usula compromisoria \u00f3 compromiso), renuncian a la justicia ordinaria y acuerdan entregar su problema a un grupo de \u00e1rbitros.<\/p>\n\n\n\n<p>Las partes podr\u00e1n seguir el procedimiento que determinen los especialistas (\u00e1rbitros), el Centro de Arbitraje \u00f3 la ley.<\/p>\n\n\n\n<p>La decisi\u00f3n que profiere el \u00e1rbitro se denomina laudo arbitral y tiene los mismos efectos de una sentencia judicial proferida por un juez ordinario.<\/p>\n\n\n\n<h4 class=\"wp-block-heading\"><strong>\u00bfCu\u00e1les son los efectos de la conciliaci\u00f3n?<\/strong><\/h4>\n\n\n\n<p>La conciliaci\u00f3n tiene efectos de cosa juzgada y presta merito ejecutivo. Esto es que el acuerdo al que lleguen las partes en el centro de conciliaci\u00f3n equivale una sentencia de un juez. <\/p>\n\n\n\n<h4 class=\"wp-block-heading\"><strong>\u00bfQu\u00e9 es el arbitraje en Equidad?<\/strong><\/h4>\n\n\n\n<p>Es un mecanismo por medio del cual las partes involucradas en el conflicto delegan su soluci\u00f3n a un tercero, quien tendr\u00e1 que tomar una decisi\u00f3n en equidad en menos tiempo, con econom\u00eda, eficacia, reserva e idoneidad.<\/p>\n\n\n\n<p>Con el arbitraje en equidad se produce un fallo r\u00e1pido y legal.<\/p>\n\n\n\n<h4 class=\"wp-block-heading\"><strong>\u00bfA qui\u00e9n va dirigida?<\/strong><\/h4>\n\n\n\n<p>A aquellas personas que tengan un conflicto en la familia , con su vecino, conflictos derivados de cualquier tipo de contrato como el de arrendamiento o conflictos en materia comercial. <\/p>\n\n\n\n<p><\/p>\n<\/div>\n\n\n\n<div class=\"wp-block-column is-layout-flow wp-block-column-is-layout-flow\">\n<h4 class=\"wp-block-heading\"><strong> Ventajas de conciliar en el Centro de Conciliaci\u00f3n <\/strong><\/h4>\n\n\n\n<ul class=\"wp-block-list\"><li>Rapidez y agilidad en los tr\u00e1mites.<\/li><li>Las partes en conflicto ahorran recursos y tiempo toda vez que es un proceso r\u00e1pido.<\/li><li>Los acuerdos a los que llegan las partes tienen efectos de cosa juzgada (equivalen a una&nbsp; sentencia) y prestan m\u00e9rito ejecutivo.<\/li><li>Promueve la participaci\u00f3n de la ciudadan\u00eda en la soluci\u00f3n de sus diferencias.<\/li><li>Mediante la conciliaci\u00f3n se llega a un pronto acuerdo.<\/li><li>Se ofrecen soluciones equitativas que tienen respaldo en la ley.<\/li><\/ul>\n\n\n\n<p>\u00bfQuienes Pueden Acudir al Centro de Conciliaci\u00f3n?<\/p>\n\n\n\n<ul class=\"wp-block-list\"><li>&nbsp;Puede acudir cualquier persona sin necesidad de abogado<\/li><li>&nbsp;No obstante quienes quieran acudir con abogado lo pueden hacer<\/li><\/ul>\n<\/div>\n<\/div>\n\n\n\n<h4 class=\"wp-block-heading\"><strong>Para mayor informaci\u00f3n:<\/strong><\/h4>\n\n\n\n<p><strong>Tel\u00e9fono:<\/strong> 606 3228599<\/p>\n\n\n\n<p><strong>correo:<\/strong> conciliacion@camado.org.co<\/p>\n\n\n\n<p><\/p>\n","protected":false},"excerpt":{"rendered":"<p>\u00bfQu\u00e9 es Conciliaci\u00f3n? La Conciliaci\u00f3n Extrajudicial en Derecho:&nbsp;Es un mecanismo alternativo de soluci\u00f3n de conflictos, por medio del cual dos o m\u00e1s personas (naturales o jur\u00eddicas de car\u00e1cter p\u00fablico o privado, nacionales o extranjeras) gestionan por s\u00ed mismas, de manera aut\u00f3noma y con plenos efectos legales, la soluci\u00f3n de sus conflictos, con la ayuda de [&hellip;]<\/p>\n","protected":false},"author":1,"featured_media":0,"parent":0,"menu_order":0,"comment_status":"closed","ping_status":"closed","template":"","meta":{"ngg_post_thumbnail":0,"footnotes":""},"class_list":["post-806","page","type-page","status-publish"],"yoast_head":"<!-- This site is optimized with the Yoast SEO plugin v27.5 - https:\/\/yoast.com\/product\/yoast-seo-wordpress\/ -->\n<title>Centro de Conciliaci\u00f3n - C\u00e1mara de Comercio de Dosquebradas<\/title>\n<meta name=\"robots\" content=\"index, follow, max-snippet:-1, max-image-preview:large, max-video-preview:-1\" \/>\n<link rel=\"canonical\" href=\"https:\/\/www.camado.org.co\/web2\/centro-de-conciliacion\/\" \/>\n<meta property=\"og:locale\" content=\"es_ES\" \/>\n<meta property=\"og:type\" content=\"article\" \/>\n<meta property=\"og:title\" content=\"Centro de Conciliaci\u00f3n - C\u00e1mara de Comercio de Dosquebradas\" \/>\n<meta property=\"og:description\" content=\"\u00bfQu\u00e9 es Conciliaci\u00f3n? La Conciliaci\u00f3n Extrajudicial en Derecho:&nbsp;Es un mecanismo alternativo de soluci\u00f3n de conflictos, por medio del cual dos o m\u00e1s personas (naturales o jur\u00eddicas de car\u00e1cter p\u00fablico o privado, nacionales o extranjeras) gestionan por s\u00ed mismas, de manera aut\u00f3noma y con plenos efectos legales, la soluci\u00f3n de sus conflictos, con la ayuda de [&hellip;]\" \/>\n<meta property=\"og:url\" content=\"https:\/\/www.camado.org.co\/web2\/centro-de-conciliacion\/\" \/>\n<meta property=\"og:site_name\" content=\"C\u00e1mara de Comercio de Dosquebradas\" \/>\n<meta property=\"article:modified_time\" content=\"2023-04-28T14:57:52+00:00\" \/>\n<meta property=\"og:image\" content=\"http:\/\/www.camado.org.co\/web2\/wp-content\/uploads\/2019\/12\/centro-de-conciliacion-1.png\" \/>\n<meta name=\"twitter:card\" content=\"summary_large_image\" \/>\n<meta name=\"twitter:label1\" content=\"Tiempo de lectura\" \/>\n\t<meta name=\"twitter:data1\" content=\"4 minutos\" \/>\n<script type=\"application\/ld+json\" class=\"yoast-schema-graph\">{\"@context\":\"https:\\\/\\\/schema.org\",\"@graph\":[{\"@type\":\"WebPage\",\"@id\":\"https:\\\/\\\/www.camado.org.co\\\/web2\\\/centro-de-conciliacion\\\/\",\"url\":\"https:\\\/\\\/www.camado.org.co\\\/web2\\\/centro-de-conciliacion\\\/\",\"name\":\"Centro de Conciliaci\u00f3n - C\u00e1mara de Comercio de Dosquebradas\",\"isPartOf\":{\"@id\":\"https:\\\/\\\/www.camado.org.co\\\/web2\\\/#website\"},\"primaryImageOfPage\":{\"@id\":\"https:\\\/\\\/www.camado.org.co\\\/web2\\\/centro-de-conciliacion\\\/#primaryimage\"},\"image\":{\"@id\":\"https:\\\/\\\/www.camado.org.co\\\/web2\\\/centro-de-conciliacion\\\/#primaryimage\"},\"thumbnailUrl\":\"http:\\\/\\\/www.camado.org.co\\\/web2\\\/wp-content\\\/uploads\\\/2019\\\/12\\\/centro-de-conciliacion-1.png\",\"datePublished\":\"2019-12-16T00:29:26+00:00\",\"dateModified\":\"2023-04-28T14:57:52+00:00\",\"breadcrumb\":{\"@id\":\"https:\\\/\\\/www.camado.org.co\\\/web2\\\/centro-de-conciliacion\\\/#breadcrumb\"},\"inLanguage\":\"es\",\"potentialAction\":[{\"@type\":\"ReadAction\",\"target\":[\"https:\\\/\\\/www.camado.org.co\\\/web2\\\/centro-de-conciliacion\\\/\"]}]},{\"@type\":\"ImageObject\",\"inLanguage\":\"es\",\"@id\":\"https:\\\/\\\/www.camado.org.co\\\/web2\\\/centro-de-conciliacion\\\/#primaryimage\",\"url\":\"http:\\\/\\\/www.camado.org.co\\\/web2\\\/wp-content\\\/uploads\\\/2019\\\/12\\\/centro-de-conciliacion-1.png\",\"contentUrl\":\"http:\\\/\\\/www.camado.org.co\\\/web2\\\/wp-content\\\/uploads\\\/2019\\\/12\\\/centro-de-conciliacion-1.png\"},{\"@type\":\"BreadcrumbList\",\"@id\":\"https:\\\/\\\/www.camado.org.co\\\/web2\\\/centro-de-conciliacion\\\/#breadcrumb\",\"itemListElement\":[{\"@type\":\"ListItem\",\"position\":1,\"name\":\"Portada\",\"item\":\"https:\\\/\\\/www.camado.org.co\\\/web2\\\/\"},{\"@type\":\"ListItem\",\"position\":2,\"name\":\"Centro de Conciliaci\u00f3n\"}]},{\"@type\":\"WebSite\",\"@id\":\"https:\\\/\\\/www.camado.org.co\\\/web2\\\/#website\",\"url\":\"https:\\\/\\\/www.camado.org.co\\\/web2\\\/\",\"name\":\"C\u00e1mara de Comercio de Dosquebradas\",\"description\":\"Camado\",\"potentialAction\":[{\"@type\":\"SearchAction\",\"target\":{\"@type\":\"EntryPoint\",\"urlTemplate\":\"https:\\\/\\\/www.camado.org.co\\\/web2\\\/?s={search_term_string}\"},\"query-input\":{\"@type\":\"PropertyValueSpecification\",\"valueRequired\":true,\"valueName\":\"search_term_string\"}}],\"inLanguage\":\"es\"}]}<\/script>\n<!-- \/ Yoast SEO plugin. -->","yoast_head_json":{"title":"Centro de Conciliaci\u00f3n - C\u00e1mara de Comercio de Dosquebradas","robots":{"index":"index","follow":"follow","max-snippet":"max-snippet:-1","max-image-preview":"max-image-preview:large","max-video-preview":"max-video-preview:-1"},"canonical":"https:\/\/www.camado.org.co\/web2\/centro-de-conciliacion\/","og_locale":"es_ES","og_type":"article","og_title":"Centro de Conciliaci\u00f3n - C\u00e1mara de Comercio de Dosquebradas","og_description":"\u00bfQu\u00e9 es Conciliaci\u00f3n? La Conciliaci\u00f3n Extrajudicial en Derecho:&nbsp;Es un mecanismo alternativo de soluci\u00f3n de conflictos, por medio del cual dos o m\u00e1s personas (naturales o jur\u00eddicas de car\u00e1cter p\u00fablico o privado, nacionales o extranjeras) gestionan por s\u00ed mismas, de manera aut\u00f3noma y con plenos efectos legales, la soluci\u00f3n de sus conflictos, con la ayuda de [&hellip;]","og_url":"https:\/\/www.camado.org.co\/web2\/centro-de-conciliacion\/","og_site_name":"C\u00e1mara de Comercio de Dosquebradas","article_modified_time":"2023-04-28T14:57:52+00:00","og_image":[{"url":"http:\/\/www.camado.org.co\/web2\/wp-content\/uploads\/2019\/12\/centro-de-conciliacion-1.png","type":"","width":"","height":""}],"twitter_card":"summary_large_image","twitter_misc":{"Tiempo de lectura":"4 minutos"},"schema":{"@context":"https:\/\/schema.org","@graph":[{"@type":"WebPage","@id":"https:\/\/www.camado.org.co\/web2\/centro-de-conciliacion\/","url":"https:\/\/www.camado.org.co\/web2\/centro-de-conciliacion\/","name":"Centro de Conciliaci\u00f3n - C\u00e1mara de Comercio de Dosquebradas","isPartOf":{"@id":"https:\/\/www.camado.org.co\/web2\/#website"},"primaryImageOfPage":{"@id":"https:\/\/www.camado.org.co\/web2\/centro-de-conciliacion\/#primaryimage"},"image":{"@id":"https:\/\/www.camado.org.co\/web2\/centro-de-conciliacion\/#primaryimage"},"thumbnailUrl":"http:\/\/www.camado.org.co\/web2\/wp-content\/uploads\/2019\/12\/centro-de-conciliacion-1.png","datePublished":"2019-12-16T00:29:26+00:00","dateModified":"2023-04-28T14:57:52+00:00","breadcrumb":{"@id":"https:\/\/www.camado.org.co\/web2\/centro-de-conciliacion\/#breadcrumb"},"inLanguage":"es","potentialAction":[{"@type":"ReadAction","target":["https:\/\/www.camado.org.co\/web2\/centro-de-conciliacion\/"]}]},{"@type":"ImageObject","inLanguage":"es","@id":"https:\/\/www.camado.org.co\/web2\/centro-de-conciliacion\/#primaryimage","url":"http:\/\/www.camado.org.co\/web2\/wp-content\/uploads\/2019\/12\/centro-de-conciliacion-1.png","contentUrl":"http:\/\/www.camado.org.co\/web2\/wp-content\/uploads\/2019\/12\/centro-de-conciliacion-1.png"},{"@type":"BreadcrumbList","@id":"https:\/\/www.camado.org.co\/web2\/centro-de-conciliacion\/#breadcrumb","itemListElement":[{"@type":"ListItem","position":1,"name":"Portada","item":"https:\/\/www.camado.org.co\/web2\/"},{"@type":"ListItem","position":2,"name":"Centro de Conciliaci\u00f3n"}]},{"@type":"WebSite","@id":"https:\/\/www.camado.org.co\/web2\/#website","url":"https:\/\/www.camado.org.co\/web2\/","name":"C\u00e1mara de Comercio de Dosquebradas","description":"Camado","potentialAction":[{"@type":"SearchAction","target":{"@type":"EntryPoint","urlTemplate":"https:\/\/www.camado.org.co\/web2\/?s={search_term_string}"},"query-input":{"@type":"PropertyValueSpecification","valueRequired":true,"valueName":"search_term_string"}}],"inLanguage":"es"}]}},"_links":{"self":[{"href":"https:\/\/www.camado.org.co\/web2\/wp-json\/wp\/v2\/pages\/806","targetHints":{"allow":["GET"]}}],"collection":[{"href":"https:\/\/www.camado.org.co\/web2\/wp-json\/wp\/v2\/pages"}],"about":[{"href":"https:\/\/www.camado.org.co\/web2\/wp-json\/wp\/v2\/types\/page"}],"author":[{"embeddable":true,"href":"https:\/\/www.camado.org.co\/web2\/wp-json\/wp\/v2\/users\/1"}],"replies":[{"embeddable":true,"href":"https:\/\/www.camado.org.co\/web2\/wp-json\/wp\/v2\/comments?post=806"}],"version-history":[{"count":14,"href":"https:\/\/www.camado.org.co\/web2\/wp-json\/wp\/v2\/pages\/806\/revisions"}],"predecessor-version":[{"id":6256,"href":"https:\/\/www.camado.org.co\/web2\/wp-json\/wp\/v2\/pages\/806\/revisions\/6256"}],"wp:attachment":[{"href":"https:\/\/www.camado.org.co\/web2\/wp-json\/wp\/v2\/media?parent=806"}],"curies":[{"name":"wp","href":"https:\/\/api.w.org\/{rel}","templated":true}]}}