{"id":966,"date":"2020-01-13T19:28:05","date_gmt":"2020-01-13T19:28:05","guid":{"rendered":"http:\/\/www.camado.org.co\/web2\/?page_id=966"},"modified":"2026-02-20T19:42:34","modified_gmt":"2026-02-20T19:42:34","slug":"sedes-y-horario-de-atencion","status":"publish","type":"page","link":"https:\/\/www.camado.org.co\/web2\/sedes-y-horario-de-atencion\/","title":{"rendered":"Sedes y Horario de Atenci\u00f3n"},"content":{"rendered":"<div id=\"td_uid_1_69f27c381eada\" class=\"tdc-zone\"><div class=\"tdc_zone td_uid_1_69f27c381eaf6_rand  wpb_row td-pb-row\"  >\n<style scoped>\n\n\/* custom css *\/\n.td_uid_1_69f27c381eaf6_rand {\r\n                    min-height: 0;\r\n                }\n<\/style><div id=\"td_uid_2_69f27c381f312\" class=\"tdc-row\"><div class=\"vc_row td_uid_2_69f27c381f318_rand  wpb_row td-pb-row\" >\n<style scoped>\n\n\/* custom css *\/\n.td_uid_2_69f27c381f318_rand {\r\n                    min-height: 0;\r\n                }\n<\/style><div class=\"vc_column td_uid_3_69f27c381f631_rand  wpb_column vc_column_container tdc-column td-pb-span12\">\n<style scoped>\n\n\/* custom css *\/\n.td_uid_3_69f27c381f631_rand {\r\n                    vertical-align: baseline;\r\n                }\n<\/style><div class=\"wpb_wrapper\"><div class=\"tdm_block td_block_wrap tdm_block_column_title td_uid_4_69f27c381f939_rand tdm-content-horiz-left td-pb-border-top td_block_template_1\"  data-td-block-uid=\"td_uid_4_69f27c381f939\" ><div class=\"td-block-row\"><div class=\"td-block-span12 tdm-col\">\n<style>\n\n<\/style><div class=\"tds-title tds-title1 td-fix-index td_uid_5_69f27c3820f74\"><h3 class=\"tdm-title tdm-title-md\">Atenci\u00f3n al Cliente<\/h3><\/div><\/div><\/div><\/div><div class=\"tdm_block td_block_wrap tdm_block_inline_text td_uid_6_69f27c38213c4_rand tdm-inline-block tdm-content-horiz-left td-pb-border-top td_block_template_1\"  data-td-block-uid=\"td_uid_6_69f27c38213c4\" >\n<style>\n\/* custom css *\/\n.td_uid_6_69f27c38213c4_rand .tdm-descr {\r\n\t\t\t\t\tfont-size:20px !important;font-weight:400 !important;\r\n\t\t\t\t}\n<\/style><p class=\"tdm-descr\">En la C\u00e1mara de Comercio de Dosquebradas nos interesa conocer su opini\u00f3n y poder atender todas sus solicitudes. Por esta raz\u00f3n, contamos con diversos canales de contacto. Nos comprometemos a darle respuesta a sus inquietudes y prestarle nuestros servicios.<\/p><\/div><div class=\"wpb_wrapper td_block_empty_space td_block_wrap vc_empty_space td_uid_7_69f27c3821901_rand \"  style=\"height: 32px\"><\/div><div class=\"vc_row_inner td_uid_8_69f27c382194c_rand  vc_row vc_inner wpb_row td-pb-row\" >\n<style scoped>\n\n\/* custom css *\/\n.td_uid_8_69f27c382194c_rand {\r\n                    position: relative !important;\r\n                    top: 0;\r\n                    transform: none;\r\n                    -webkit-transform: none;\r\n                }\n<\/style><div class=\"vc_column_inner td_uid_9_69f27c3821b4f_rand  wpb_column vc_column_container tdc-inner-column td-pb-span4\">\n<style scoped>\n\n\/* custom css *\/\n.td_uid_9_69f27c3821b4f_rand {\r\n                    vertical-align: baseline;\r\n                }\n<\/style><div class=\"vc_column-inner\"><div class=\"wpb_wrapper\"><div class=\"tdm_block td_block_wrap tdm_block_column_title td_uid_10_69f27c3821cd3_rand tdm-content-horiz-left td-pb-border-top td_block_template_1\"  data-td-block-uid=\"td_uid_10_69f27c3821cd3\" ><div class=\"td-block-row\"><div class=\"td-block-span12 tdm-col\">\n<style>\n\n<\/style><div class=\"tds-title tds-title1 td-fix-index td_uid_11_69f27c3822052\"><h3 class=\"tdm-title tdm-title-md\">Sede TIP (Tecnolog\u00eda, Innovaci\u00f3n y Proyectos)<\/h3><\/div><\/div><\/div><\/div><div class=\"wpb_wrapper td_block_single_image td_block_wrap  td-no-img-custom-url td_block_wrap vc_single_image td_uid_12_69f27c3822385_rand  td-single-image- td-pb-border-top td_block_template_1\"><a \r\n\t\t\tclass=\"td_single_image_bg\" \r\n\t\t\tstyle=\"background-image: url('https:\/\/www.camado.org.co\/web2\/wp-content\/uploads\/2019\/11\/sede-centro.jpg'); background-size: cover; background-repeat: no-repeat; background-position: center center;\" \r\n\t\t\thref=\"#\"  \r\n\t\t\trel=\"bookmark\"><\/a>\n<style>\n\n\/* inline tdc_css att *\/\n\n.td_uid_12_69f27c3822385_rand{\npadding-top:35px !important;\n}\n\n<\/style>\n<style>\n\/* custom css *\/\n.td_uid_12_69f27c3822385_rand .td_single_image_bg {\r\n\t\t\t\t    z-index: 1;\r\n\t\t\t\t}\r\n\t\t\t\t\r\n\t\t\t\t.td_uid_12_69f27c3822385_rand .td_single_image_bg {\r\n\t\t\t\t\theight: 238px;\r\n\t\t\t\t\tpadding-bottom: 0;\r\n\t\t\t\t}\n<\/style><\/div><div class=\"wpb_wrapper wpb_text_column td_block_wrap td_block_wrap vc_column_text td_uid_13_69f27c3822dc5_rand  tagdiv-type td-pb-border-top td_block_template_1\"  data-td-block-uid=\"td_uid_13_69f27c3822dc5\" ><div class=\"td-block-title-wrap\"><\/div><div class=\"td-fix-index\"><p>Calle 35 No. 16 \u2013 33<br \/>\nBarrio Guadalupe.<br \/>\nDosquebradas, Risaralda.<br \/>\n<strong>PBX:<\/strong> (57) (606) 3228599<br \/>\n<strong>CEL:<\/strong> (57) 3186664528<br \/>\n<strong>Notificaci\u00f3n Judicial :<\/strong><br \/>\ncontactenos@camado.org.co<\/p>\n<\/div><\/div><\/div><\/div><\/div><div class=\"vc_column_inner td_uid_14_69f27c38242c3_rand  wpb_column vc_column_container tdc-inner-column td-pb-span4\">\n<style scoped>\n\n\/* custom css *\/\n.td_uid_14_69f27c38242c3_rand {\r\n                    vertical-align: baseline;\r\n                }\n<\/style><div class=\"vc_column-inner\"><div class=\"wpb_wrapper\"><div class=\"tdm_block td_block_wrap tdm_block_column_title td_uid_15_69f27c38243eb_rand tdm-content-horiz-left td-pb-border-top td_block_template_1\"  data-td-block-uid=\"td_uid_15_69f27c38243eb\" ><div class=\"td-block-row\"><div class=\"td-block-span12 tdm-col\">\n<style>\n\n<\/style><div class=\"tds-title tds-title1 td-fix-index td_uid_16_69f27c38247b1\"><h3 class=\"tdm-title tdm-title-md\">Sede principal, Administrativa y de Registros<\/h3><\/div><\/div><\/div><\/div><div class=\"wpb_wrapper td_block_single_image td_block_wrap  td-no-img-custom-url td_block_wrap vc_single_image td_uid_17_69f27c3824a70_rand  td-single-image- td-pb-border-top td_block_template_1\"><a \r\n\t\t\tclass=\"td_single_image_bg\" \r\n\t\t\tstyle=\"background-image: url('https:\/\/www.camado.org.co\/web2\/wp-content\/uploads\/2019\/11\/sede-administrativa-camara-de-comercio-dosquebradas.jpg'); background-size: cover; background-repeat: no-repeat; background-position: center center;\" \r\n\t\t\thref=\"#\"  \r\n\t\t\trel=\"bookmark\"><\/a>\n<style>\n\/* custom css *\/\n.td_uid_17_69f27c3824a70_rand .td_single_image_bg {\r\n\t\t\t\t    z-index: 1;\r\n\t\t\t\t}\r\n\t\t\t\t\r\n\t\t\t\t.td_uid_17_69f27c3824a70_rand .td_single_image_bg {\r\n\t\t\t\t\theight: 235px;\r\n\t\t\t\t\tpadding-bottom: 0;\r\n\t\t\t\t}\n<\/style><\/div><div class=\"wpb_wrapper wpb_text_column td_block_wrap td_block_wrap vc_column_text td_uid_18_69f27c3825214_rand  tagdiv-type td-pb-border-top td_block_template_1\"  data-td-block-uid=\"td_uid_18_69f27c3825214\" ><div class=\"td-block-title-wrap\"><\/div><div class=\"td-fix-index\"><p>Calle 41 No. 15 &#8211; 25<br \/>\nBarrio Buenos Aires.<br \/>\nDosquebradas, Risaralda.<br \/>\n<strong>PBX:<\/strong>(57) (606) 3228599<br \/>\n<strong>CEL:<\/strong>(57) 3186664528<br \/>\n<strong>Notificaci\u00f3n Judicial :<\/strong><br \/>\ncontactenos@camado.org.co<\/p>\n<\/div><\/div><\/div><\/div><\/div><div class=\"vc_column_inner td_uid_19_69f27c38261cd_rand  wpb_column vc_column_container tdc-inner-column td-pb-span4\">\n<style scoped>\n\n\/* custom css *\/\n.td_uid_19_69f27c38261cd_rand {\r\n                    vertical-align: baseline;\r\n                }\n\/* inline tdc_css att *\/\n\n.td_uid_19_69f27c38261cd_rand{\nposition:relative;\n}\n\n<\/style>\n<div class=\"td_uid_8_69f27c38261c9_rand_style td-element-style\" ><style>\n.td_uid_8_69f27c38261c9_rand_style{\nbackground-color:#e5e5e5 !important;\n}\n <\/style><\/div><div class=\"vc_column-inner\"><div class=\"wpb_wrapper\"><div class=\"tdm_block td_block_wrap tdm_block_column_title td_uid_20_69f27c3826386_rand tdm-content-horiz-left td-pb-border-top td_block_template_1\"  data-td-block-uid=\"td_uid_20_69f27c3826386\" ><div class=\"td-block-row\"><div class=\"td-block-span12 tdm-col\">\n<style>\n.td_uid_21_69f27c3826725 .tdm-title {\r\n\t\t\t\t\tfont-size:20px !important;font-weight:700 !important;\r\n\t\t\t\t}\n<\/style><div class=\"tds-title tds-title1 td-fix-index td_uid_21_69f27c3826725\"><h3 class=\"tdm-title tdm-title-md\">Horarios<\/h3><\/div><\/div><\/div><\/div><div class=\"tdm_block td_block_wrap tdm_block_column_title td_uid_22_69f27c38269a3_rand tdm-content-horiz-left td-pb-border-top td_block_template_1\"  data-td-block-uid=\"td_uid_22_69f27c38269a3\" ><div class=\"td-block-row\"><div class=\"td-block-span12 tdm-col\">\n<style>\n.td_uid_23_69f27c3826ceb .tdm-title {\r\n\t\t\t\t\tfont-size:16px !important;font-weight:700 !important;\r\n\t\t\t\t}\n<\/style><div class=\"tds-title tds-title1 td-fix-index td_uid_23_69f27c3826ceb\"><h3 class=\"tdm-title tdm-title-md\">Horario de Atenci\u00f3n Sede principal, Administrativa y Sede TIP<\/h3><\/div><\/div><\/div><\/div><div class=\"wpb_wrapper wpb_text_column td_block_wrap td_block_wrap vc_column_text td_uid_24_69f27c3826f60_rand  tagdiv-type td-pb-border-top td_block_template_1\"  data-td-block-uid=\"td_uid_24_69f27c3826f60\" ><div class=\"td-block-title-wrap\"><\/div><div class=\"td-fix-index\"><p>Lunes a Viernes<br \/>\n8:00 a.m. a 4:00 p.m.<br \/>\nJornada continua<\/p>\n<\/div><\/div><div class=\"tdm_block td_block_wrap tdm_block_column_title td_uid_25_69f27c3827de6_rand tdm-content-horiz-left td-pb-border-top td_block_template_1\"  data-td-block-uid=\"td_uid_25_69f27c3827de6\" ><div class=\"td-block-row\"><div class=\"td-block-span12 tdm-col\">\n<style>\n.td_uid_26_69f27c382815c .tdm-title {\r\n\t\t\t\t\tfont-size:16px !important;font-weight:700 !important;\r\n\t\t\t\t}\n<\/style><div class=\"tds-title tds-title1 td-fix-index td_uid_26_69f27c382815c\"><h3 class=\"tdm-title tdm-title-md\">Horario para Registros P\u00fablicos<\/h3><\/div><\/div><\/div><\/div><div class=\"wpb_wrapper wpb_text_column td_block_wrap td_block_wrap vc_column_text td_uid_27_69f27c382844b_rand  tagdiv-type td-pb-border-top td_block_template_1\"  data-td-block-uid=\"td_uid_27_69f27c382844b\" ><div class=\"td-block-title-wrap\"><\/div><div class=\"td-fix-index\"><p>Lunes a Viernes<br \/>\n8:00 a.m. a 4:00 p.m.<br \/>\nJornada Continua<\/p>\n<\/div><\/div><div class=\"tdm_block td_block_wrap tdm_block_column_title td_uid_28_69f27c38293aa_rand tdm-content-horiz-left td-pb-border-top td_block_template_1\"  data-td-block-uid=\"td_uid_28_69f27c38293aa\" ><div class=\"td-block-row\"><div class=\"td-block-span12 tdm-col\">\n<style>\n.td_uid_29_69f27c382975b .tdm-title {\r\n\t\t\t\t\tfont-size:16px !important;font-weight:700 !important;\r\n\t\t\t\t}\n<\/style><div class=\"tds-title tds-title1 td-fix-index td_uid_29_69f27c382975b\"><h3 class=\"tdm-title tdm-title-md\">Notificaci\u00f3n Judicial<\/h3><\/div><\/div><\/div><\/div><div class=\"wpb_wrapper wpb_text_column td_block_wrap td_block_wrap vc_column_text td_uid_30_69f27c3829a0f_rand  tagdiv-type td-pb-border-top td_block_template_1\"  data-td-block-uid=\"td_uid_30_69f27c3829a0f\" ><div class=\"td-block-title-wrap\"><\/div><div class=\"td-fix-index\"><p><a href=\"mailto:contactenos@camado.org.co\">contactenos@camado.org.co<\/a><\/p>\n<\/div><\/div><\/div><\/div><\/div><\/div><div class=\"vc_row_inner td_uid_31_69f27c382a98a_rand  vc_row vc_inner wpb_row td-pb-row\" >\n<style scoped>\n\n\/* custom css *\/\n.td_uid_31_69f27c382a98a_rand {\r\n                    position: relative !important;\r\n                    top: 0;\r\n                    transform: none;\r\n                    -webkit-transform: none;\r\n                }\n\/* inline tdc_css att *\/\n\n.td_uid_31_69f27c382a98a_rand{\npadding-top:45px !important;\n}\n\n.td_uid_31_69f27c382a98a_rand .td_block_wrap{ text-align:left }\n\n<\/style><div class=\"vc_column_inner td_uid_32_69f27c382ab95_rand  wpb_column vc_column_container tdc-inner-column td-pb-span12\">\n<style scoped>\n\n\/* custom css *\/\n.td_uid_32_69f27c382ab95_rand {\r\n                    vertical-align: baseline;\r\n                }\n<\/style><div class=\"vc_column-inner\"><div class=\"wpb_wrapper\"><div class=\"wpb_wrapper wpb_text_column td_block_wrap td_block_wrap vc_column_text td_uid_33_69f27c382acf5_rand  tagdiv-type td-pb-border-top td_block_template_1\"  data-td-block-uid=\"td_uid_33_69f27c382acf5\" ><div class=\"td-block-title-wrap\"><\/div><div class=\"td-fix-index\"><\/div><\/div><\/div><\/div><\/div><\/div><\/div><\/div><\/div><\/div><\/div><\/div>","protected":false},"excerpt":{"rendered":"","protected":false},"author":1,"featured_media":0,"parent":0,"menu_order":0,"comment_status":"closed","ping_status":"closed","template":"","meta":{"ngg_post_thumbnail":0,"footnotes":""},"class_list":["post-966","page","type-page","status-publish"],"yoast_head":"<!-- This site is optimized with the Yoast SEO plugin v27.5 - https:\/\/yoast.com\/product\/yoast-seo-wordpress\/ -->\n<title>Sedes y Horario de Atenci\u00f3n - C\u00e1mara de Comercio de Dosquebradas<\/title>\n<meta name=\"description\" content=\"Horario para Registros P\u00fablicos - Lunes a Viernes 8:00 a.m. a 4:00 p.m. Jornada cont\u00ednua.\" \/>\n<meta name=\"robots\" content=\"index, follow, max-snippet:-1, max-image-preview:large, max-video-preview:-1\" \/>\n<link rel=\"canonical\" href=\"https:\/\/www.camado.org.co\/web2\/sedes-y-horario-de-atencion\/\" \/>\n<meta property=\"og:locale\" content=\"es_ES\" \/>\n<meta property=\"og:type\" content=\"article\" \/>\n<meta property=\"og:title\" content=\"Sedes y Horario de Atenci\u00f3n - C\u00e1mara de Comercio de Dosquebradas\" \/>\n<meta property=\"og:description\" content=\"Horario para Registros P\u00fablicos - Lunes a Viernes 8:00 a.m. a 4:00 p.m. Jornada cont\u00ednua.\" \/>\n<meta property=\"og:url\" content=\"https:\/\/www.camado.org.co\/web2\/sedes-y-horario-de-atencion\/\" \/>\n<meta property=\"og:site_name\" content=\"C\u00e1mara de Comercio de Dosquebradas\" \/>\n<meta property=\"article:modified_time\" content=\"2026-02-20T19:42:34+00:00\" \/>\n<meta name=\"twitter:card\" content=\"summary_large_image\" \/>\n<meta name=\"twitter:label1\" content=\"Tiempo de lectura\" \/>\n\t<meta name=\"twitter:data1\" content=\"1 minuto\" \/>\n<script type=\"application\/ld+json\" class=\"yoast-schema-graph\">{\"@context\":\"https:\\\/\\\/schema.org\",\"@graph\":[{\"@type\":\"WebPage\",\"@id\":\"https:\\\/\\\/www.camado.org.co\\\/web2\\\/sedes-y-horario-de-atencion\\\/\",\"url\":\"https:\\\/\\\/www.camado.org.co\\\/web2\\\/sedes-y-horario-de-atencion\\\/\",\"name\":\"Sedes y Horario de Atenci\u00f3n - C\u00e1mara de Comercio de Dosquebradas\",\"isPartOf\":{\"@id\":\"https:\\\/\\\/www.camado.org.co\\\/web2\\\/#website\"},\"datePublished\":\"2020-01-13T19:28:05+00:00\",\"dateModified\":\"2026-02-20T19:42:34+00:00\",\"description\":\"Horario para Registros P\u00fablicos - Lunes a Viernes 8:00 a.m. a 4:00 p.m. Jornada cont\u00ednua.\",\"breadcrumb\":{\"@id\":\"https:\\\/\\\/www.camado.org.co\\\/web2\\\/sedes-y-horario-de-atencion\\\/#breadcrumb\"},\"inLanguage\":\"es\",\"potentialAction\":[{\"@type\":\"ReadAction\",\"target\":[\"https:\\\/\\\/www.camado.org.co\\\/web2\\\/sedes-y-horario-de-atencion\\\/\"]}]},{\"@type\":\"BreadcrumbList\",\"@id\":\"https:\\\/\\\/www.camado.org.co\\\/web2\\\/sedes-y-horario-de-atencion\\\/#breadcrumb\",\"itemListElement\":[{\"@type\":\"ListItem\",\"position\":1,\"name\":\"Portada\",\"item\":\"https:\\\/\\\/www.camado.org.co\\\/web2\\\/\"},{\"@type\":\"ListItem\",\"position\":2,\"name\":\"Sedes y Horario de Atenci\u00f3n\"}]},{\"@type\":\"WebSite\",\"@id\":\"https:\\\/\\\/www.camado.org.co\\\/web2\\\/#website\",\"url\":\"https:\\\/\\\/www.camado.org.co\\\/web2\\\/\",\"name\":\"C\u00e1mara de Comercio de Dosquebradas\",\"description\":\"Camado\",\"potentialAction\":[{\"@type\":\"SearchAction\",\"target\":{\"@type\":\"EntryPoint\",\"urlTemplate\":\"https:\\\/\\\/www.camado.org.co\\\/web2\\\/?s={search_term_string}\"},\"query-input\":{\"@type\":\"PropertyValueSpecification\",\"valueRequired\":true,\"valueName\":\"search_term_string\"}}],\"inLanguage\":\"es\"}]}<\/script>\n<!-- \/ Yoast SEO plugin. -->","yoast_head_json":{"title":"Sedes y Horario de Atenci\u00f3n - C\u00e1mara de Comercio de Dosquebradas","description":"Horario para Registros P\u00fablicos - Lunes a Viernes 8:00 a.m. a 4:00 p.m. Jornada cont\u00ednua.","robots":{"index":"index","follow":"follow","max-snippet":"max-snippet:-1","max-image-preview":"max-image-preview:large","max-video-preview":"max-video-preview:-1"},"canonical":"https:\/\/www.camado.org.co\/web2\/sedes-y-horario-de-atencion\/","og_locale":"es_ES","og_type":"article","og_title":"Sedes y Horario de Atenci\u00f3n - C\u00e1mara de Comercio de Dosquebradas","og_description":"Horario para Registros P\u00fablicos - Lunes a Viernes 8:00 a.m. a 4:00 p.m. Jornada cont\u00ednua.","og_url":"https:\/\/www.camado.org.co\/web2\/sedes-y-horario-de-atencion\/","og_site_name":"C\u00e1mara de Comercio de Dosquebradas","article_modified_time":"2026-02-20T19:42:34+00:00","twitter_card":"summary_large_image","twitter_misc":{"Tiempo de lectura":"1 minuto"},"schema":{"@context":"https:\/\/schema.org","@graph":[{"@type":"WebPage","@id":"https:\/\/www.camado.org.co\/web2\/sedes-y-horario-de-atencion\/","url":"https:\/\/www.camado.org.co\/web2\/sedes-y-horario-de-atencion\/","name":"Sedes y Horario de Atenci\u00f3n - C\u00e1mara de Comercio de Dosquebradas","isPartOf":{"@id":"https:\/\/www.camado.org.co\/web2\/#website"},"datePublished":"2020-01-13T19:28:05+00:00","dateModified":"2026-02-20T19:42:34+00:00","description":"Horario para Registros P\u00fablicos - Lunes a Viernes 8:00 a.m. a 4:00 p.m. Jornada cont\u00ednua.","breadcrumb":{"@id":"https:\/\/www.camado.org.co\/web2\/sedes-y-horario-de-atencion\/#breadcrumb"},"inLanguage":"es","potentialAction":[{"@type":"ReadAction","target":["https:\/\/www.camado.org.co\/web2\/sedes-y-horario-de-atencion\/"]}]},{"@type":"BreadcrumbList","@id":"https:\/\/www.camado.org.co\/web2\/sedes-y-horario-de-atencion\/#breadcrumb","itemListElement":[{"@type":"ListItem","position":1,"name":"Portada","item":"https:\/\/www.camado.org.co\/web2\/"},{"@type":"ListItem","position":2,"name":"Sedes y Horario de Atenci\u00f3n"}]},{"@type":"WebSite","@id":"https:\/\/www.camado.org.co\/web2\/#website","url":"https:\/\/www.camado.org.co\/web2\/","name":"C\u00e1mara de Comercio de Dosquebradas","description":"Camado","potentialAction":[{"@type":"SearchAction","target":{"@type":"EntryPoint","urlTemplate":"https:\/\/www.camado.org.co\/web2\/?s={search_term_string}"},"query-input":{"@type":"PropertyValueSpecification","valueRequired":true,"valueName":"search_term_string"}}],"inLanguage":"es"}]}},"_links":{"self":[{"href":"https:\/\/www.camado.org.co\/web2\/wp-json\/wp\/v2\/pages\/966","targetHints":{"allow":["GET"]}}],"collection":[{"href":"https:\/\/www.camado.org.co\/web2\/wp-json\/wp\/v2\/pages"}],"about":[{"href":"https:\/\/www.camado.org.co\/web2\/wp-json\/wp\/v2\/types\/page"}],"author":[{"embeddable":true,"href":"https:\/\/www.camado.org.co\/web2\/wp-json\/wp\/v2\/users\/1"}],"replies":[{"embeddable":true,"href":"https:\/\/www.camado.org.co\/web2\/wp-json\/wp\/v2\/comments?post=966"}],"version-history":[{"count":5,"href":"https:\/\/www.camado.org.co\/web2\/wp-json\/wp\/v2\/pages\/966\/revisions"}],"predecessor-version":[{"id":9774,"href":"https:\/\/www.camado.org.co\/web2\/wp-json\/wp\/v2\/pages\/966\/revisions\/9774"}],"wp:attachment":[{"href":"https:\/\/www.camado.org.co\/web2\/wp-json\/wp\/v2\/media?parent=966"}],"curies":[{"name":"wp","href":"https:\/\/api.w.org\/{rel}","templated":true}]}}